{"id":169,"date":"2021-03-10T22:16:35","date_gmt":"2021-03-10T21:16:35","guid":{"rendered":"https:\/\/www.fcorvin.ch\/?page_id=169"},"modified":"2022-03-29T21:20:50","modified_gmt":"2022-03-29T19:20:50","slug":"nos-sponsors","status":"publish","type":"page","link":"https:\/\/www.fcorvin.ch\/index.php\/nos-sponsors\/","title":{"rendered":"Nos sponsors"},"content":{"rendered":"\n<h2 class=\"wp-block-heading\" id=\"sponsoring-mv-sportlive\">Sponsoring MV SportLive<\/h2>\n\n\n\n<div class=\"wp-block-image\"><figure class=\"aligncenter size-full is-resized\"><a href=\"https:\/\/www.mvsportlive.ch\/\" target=\"_blank\" rel=\"noopener\"><img loading=\"lazy\" decoding=\"async\" src=\"https:\/\/www.fcorvin.ch\/wp-content\/uploads\/2022\/02\/sport.png\" alt=\"\" class=\"wp-image-341\" width=\"370\" height=\"110\" srcset=\"https:\/\/www.fcorvin.ch\/wp-content\/uploads\/2022\/02\/sport.png 713w, https:\/\/www.fcorvin.ch\/wp-content\/uploads\/2022\/02\/sport-300x89.png 300w, https:\/\/www.fcorvin.ch\/wp-content\/uploads\/2022\/02\/sport-128x38.png 128w, https:\/\/www.fcorvin.ch\/wp-content\/uploads\/2022\/02\/sport-32x10.png 32w\" sizes=\"auto, (max-width: 370px) 100vw, 370px\" \/><\/a><\/figure><\/div>\n\n\n\n<h3 class=\"wp-block-heading\" id=\"parrains-triples\">Parrains \u00ab\u00a0triples\u00a0\u00bb<\/h3>\n\n\n\n<div class=\"wp-block-media-text alignwide is-stacked-on-mobile\" style=\"grid-template-columns:38% auto\"><figure class=\"wp-block-media-text__media\"><a href=\"http:\/\/g16.ch\/index.html\" target=\"_blank\" rel=\"noopener\"><img loading=\"lazy\" decoding=\"async\" width=\"1024\" height=\"261\" src=\"https:\/\/www.fcorvin.ch\/wp-content\/uploads\/2022\/03\/Fiduciaire-G16-1024x261.jpg\" alt=\"\" class=\"wp-image-492 size-full\" srcset=\"https:\/\/www.fcorvin.ch\/wp-content\/uploads\/2022\/03\/Fiduciaire-G16-1024x261.jpg 1024w, https:\/\/www.fcorvin.ch\/wp-content\/uploads\/2022\/03\/Fiduciaire-G16-300x76.jpg 300w, https:\/\/www.fcorvin.ch\/wp-content\/uploads\/2022\/03\/Fiduciaire-G16-768x196.jpg 768w, https:\/\/www.fcorvin.ch\/wp-content\/uploads\/2022\/03\/Fiduciaire-G16-1536x391.jpg 1536w, https:\/\/www.fcorvin.ch\/wp-content\/uploads\/2022\/03\/Fiduciaire-G16-128x33.jpg 128w, https:\/\/www.fcorvin.ch\/wp-content\/uploads\/2022\/03\/Fiduciaire-G16-32x8.jpg 32w, https:\/\/www.fcorvin.ch\/wp-content\/uploads\/2022\/03\/Fiduciaire-G16.jpg 2034w\" sizes=\"auto, (max-width: 1024px) 100vw, 1024px\" \/><\/a><\/figure><div class=\"wp-block-media-text__content\">\n<p class=\"has-large-font-size wp-block-paragraph\">G16 S\u00e0rl<\/p>\n\n\n\n<p class=\"wp-block-paragraph\">L&rsquo;Echette 7<br>2534 Orvin<\/p>\n\n\n\n<p class=\"wp-block-paragraph\">032 358 52 44<\/p>\n<\/div><\/div>\n\n\n\n<div class=\"wp-block-media-text alignwide is-stacked-on-mobile\" style=\"grid-template-columns:38% auto\"><figure class=\"wp-block-media-text__media\"><a href=\"https:\/\/www.carnal.ch\/\" target=\"_blank\" rel=\"noopener\"><img loading=\"lazy\" decoding=\"async\" width=\"1024\" height=\"350\" src=\"https:\/\/www.fcorvin.ch\/wp-content\/uploads\/2022\/02\/Carnal-Fils-SA-1-1024x350.jpg\" alt=\"\" class=\"wp-image-362 size-full\" srcset=\"https:\/\/www.fcorvin.ch\/wp-content\/uploads\/2022\/02\/Carnal-Fils-SA-1-1024x350.jpg 1024w, https:\/\/www.fcorvin.ch\/wp-content\/uploads\/2022\/02\/Carnal-Fils-SA-1-300x102.jpg 300w, https:\/\/www.fcorvin.ch\/wp-content\/uploads\/2022\/02\/Carnal-Fils-SA-1-768x262.jpg 768w, https:\/\/www.fcorvin.ch\/wp-content\/uploads\/2022\/02\/Carnal-Fils-SA-1-1536x525.jpg 1536w, https:\/\/www.fcorvin.ch\/wp-content\/uploads\/2022\/02\/Carnal-Fils-SA-1-2048x700.jpg 2048w, https:\/\/www.fcorvin.ch\/wp-content\/uploads\/2022\/02\/Carnal-Fils-SA-1-128x44.jpg 128w, https:\/\/www.fcorvin.ch\/wp-content\/uploads\/2022\/02\/Carnal-Fils-SA-1-32x11.jpg 32w\" sizes=\"auto, (max-width: 1024px) 100vw, 1024px\" \/><\/a><\/figure><div class=\"wp-block-media-text__content\">\n<p class=\"has-large-font-size wp-block-paragraph\">Carnal &amp; Fils SA<\/p>\n\n\n\n<p class=\"wp-block-paragraph\">Route de Diesse 21<br>2516 Lamboing<\/p>\n\n\n\n<p class=\"wp-block-paragraph\">032 315 18 41<\/p>\n<\/div><\/div>\n\n\n\n<div class=\"wp-block-media-text alignwide is-stacked-on-mobile\" style=\"grid-template-columns:36% auto\"><figure class=\"wp-block-media-text__media\"><a href=\"https:\/\/bara-carrelage.ch\/\" target=\"_blank\" rel=\"noopener\"><img loading=\"lazy\" decoding=\"async\" width=\"512\" height=\"512\" src=\"https:\/\/www.fcorvin.ch\/wp-content\/uploads\/2022\/02\/externalicon-1.png\" alt=\"\" class=\"wp-image-350 size-full\" srcset=\"https:\/\/www.fcorvin.ch\/wp-content\/uploads\/2022\/02\/externalicon-1.png 512w, https:\/\/www.fcorvin.ch\/wp-content\/uploads\/2022\/02\/externalicon-1-300x300.png 300w, https:\/\/www.fcorvin.ch\/wp-content\/uploads\/2022\/02\/externalicon-1-150x150.png 150w, https:\/\/www.fcorvin.ch\/wp-content\/uploads\/2022\/02\/externalicon-1-128x128.png 128w, https:\/\/www.fcorvin.ch\/wp-content\/uploads\/2022\/02\/externalicon-1-32x32.png 32w\" sizes=\"auto, (max-width: 512px) 100vw, 512px\" \/><\/a><\/figure><div class=\"wp-block-media-text__content\">\n<p class=\"has-large-font-size wp-block-paragraph\">Bara Carrelage<\/p>\n\n\n\n<p class=\"wp-block-paragraph\">La Marchande 11<br>2534 Orvin<\/p>\n\n\n\n<p class=\"wp-block-paragraph\">032 525 36 38<br>076 432 01 01<\/p>\n<\/div><\/div>\n\n\n\n<div class=\"wp-block-media-text alignwide is-stacked-on-mobile\" style=\"grid-template-columns:36% auto\"><figure class=\"wp-block-media-text__media\"><a href=\"https:\/\/www.rwbgroupe.ch\/rwb_groupe_sa\/presentation_du_groupe_rwb\" target=\"_blank\" rel=\"noopener\"><img loading=\"lazy\" decoding=\"async\" width=\"1024\" height=\"722\" src=\"https:\/\/www.fcorvin.ch\/wp-content\/uploads\/2022\/02\/RWB-A5Largeur_2021-1024x722.jpg\" alt=\"\" class=\"wp-image-363 size-full\" srcset=\"https:\/\/www.fcorvin.ch\/wp-content\/uploads\/2022\/02\/RWB-A5Largeur_2021-1024x722.jpg 1024w, https:\/\/www.fcorvin.ch\/wp-content\/uploads\/2022\/02\/RWB-A5Largeur_2021-300x211.jpg 300w, https:\/\/www.fcorvin.ch\/wp-content\/uploads\/2022\/02\/RWB-A5Largeur_2021-768x541.jpg 768w, https:\/\/www.fcorvin.ch\/wp-content\/uploads\/2022\/02\/RWB-A5Largeur_2021-1536x1083.jpg 1536w, https:\/\/www.fcorvin.ch\/wp-content\/uploads\/2022\/02\/RWB-A5Largeur_2021-2048x1444.jpg 2048w, https:\/\/www.fcorvin.ch\/wp-content\/uploads\/2022\/02\/RWB-A5Largeur_2021-128x90.jpg 128w, https:\/\/www.fcorvin.ch\/wp-content\/uploads\/2022\/02\/RWB-A5Largeur_2021-32x23.jpg 32w\" sizes=\"auto, (max-width: 1024px) 100vw, 1024px\" \/><\/a><\/figure><div class=\"wp-block-media-text__content\">\n<p class=\"has-large-font-size wp-block-paragraph\">RWB Berne SA<\/p>\n\n\n\n<p class=\"wp-block-paragraph\">Sous-Banbois 2<br>2515 Pr\u00eales<\/p>\n\n\n\n<p class=\"wp-block-paragraph\">058 220 38 70<\/p>\n<\/div><\/div>\n\n\n\n<div class=\"wp-block-media-text alignwide is-stacked-on-mobile\" style=\"grid-template-columns:36% auto\"><figure class=\"wp-block-media-text__media\"><a href=\"https:\/\/miniprixstation.ch\/?lang=fr\" target=\"_blank\" rel=\"noopener\"><img loading=\"lazy\" decoding=\"async\" width=\"512\" height=\"512\" src=\"https:\/\/www.fcorvin.ch\/wp-content\/uploads\/2022\/02\/externalicon-1.png\" alt=\"\" class=\"wp-image-350 size-full\" srcset=\"https:\/\/www.fcorvin.ch\/wp-content\/uploads\/2022\/02\/externalicon-1.png 512w, https:\/\/www.fcorvin.ch\/wp-content\/uploads\/2022\/02\/externalicon-1-300x300.png 300w, https:\/\/www.fcorvin.ch\/wp-content\/uploads\/2022\/02\/externalicon-1-150x150.png 150w, https:\/\/www.fcorvin.ch\/wp-content\/uploads\/2022\/02\/externalicon-1-128x128.png 128w, https:\/\/www.fcorvin.ch\/wp-content\/uploads\/2022\/02\/externalicon-1-32x32.png 32w\" sizes=\"auto, (max-width: 512px) 100vw, 512px\" \/><\/a><\/figure><div class=\"wp-block-media-text__content\">\n<p class=\"has-large-font-size wp-block-paragraph\">Miniprix Stations SA<\/p>\n\n\n\n<p class=\"wp-block-paragraph\">Mettlenweg 9b<br>2404 Biel\/Bienne<\/p>\n\n\n\n<p class=\"wp-block-paragraph\">032 341 69 80<\/p>\n<\/div><\/div>\n\n\n\n<h3 class=\"wp-block-heading\" id=\"parrains-doubles\">Parrains \u00ab\u00a0doubles\u00a0\u00bb<\/h3>\n\n\n\n<div class=\"wp-block-columns is-layout-flex wp-container-core-columns-is-layout-8f761849 wp-block-columns-is-layout-flex\">\n<div class=\"wp-block-column is-layout-flow wp-block-column-is-layout-flow\">\n<figure class=\"wp-block-image size-full is-resized is-style-default\"><img loading=\"lazy\" decoding=\"async\" src=\"https:\/\/www.fcorvin.ch\/wp-content\/uploads\/2022\/02\/Von-Arx-pharmacie.jpg\" alt=\"\" class=\"wp-image-364\" width=\"211\" height=\"166\" srcset=\"https:\/\/www.fcorvin.ch\/wp-content\/uploads\/2022\/02\/Von-Arx-pharmacie.jpg 685w, https:\/\/www.fcorvin.ch\/wp-content\/uploads\/2022\/02\/Von-Arx-pharmacie-300x238.jpg 300w, https:\/\/www.fcorvin.ch\/wp-content\/uploads\/2022\/02\/Von-Arx-pharmacie-128x101.jpg 128w, https:\/\/www.fcorvin.ch\/wp-content\/uploads\/2022\/02\/Von-Arx-pharmacie-32x25.jpg 32w\" sizes=\"auto, (max-width: 211px) 100vw, 211px\" \/><\/figure>\n<\/div>\n\n\n\n<div class=\"wp-block-column is-layout-flow wp-block-column-is-layout-flow\">\n<p class=\"wp-block-paragraph\"><strong>Droguerie Pharmacie Von Arx S\u00e0rl<\/strong><\/p>\n\n\n\n<p class=\"wp-block-paragraph\">Rue de Tramelan 1<br>2710 Tavannes<br>032 481 22 54<\/p>\n<\/div>\n<\/div>\n\n\n\n<div class=\"wp-block-columns is-layout-flex wp-container-core-columns-is-layout-8f761849 wp-block-columns-is-layout-flex\">\n<div class=\"wp-block-column is-layout-flow wp-block-column-is-layout-flow\">\n<figure class=\"wp-block-image size-large is-resized\"><img loading=\"lazy\" decoding=\"async\" src=\"https:\/\/www.fcorvin.ch\/wp-content\/uploads\/2022\/02\/WinoxMit_Logo-1024x328.jpg\" alt=\"\" class=\"wp-image-365\" width=\"406\" height=\"129\" srcset=\"https:\/\/www.fcorvin.ch\/wp-content\/uploads\/2022\/02\/WinoxMit_Logo-1024x328.jpg 1024w, https:\/\/www.fcorvin.ch\/wp-content\/uploads\/2022\/02\/WinoxMit_Logo-300x96.jpg 300w, https:\/\/www.fcorvin.ch\/wp-content\/uploads\/2022\/02\/WinoxMit_Logo-768x246.jpg 768w, https:\/\/www.fcorvin.ch\/wp-content\/uploads\/2022\/02\/WinoxMit_Logo-1536x492.jpg 1536w, https:\/\/www.fcorvin.ch\/wp-content\/uploads\/2022\/02\/WinoxMit_Logo-2048x655.jpg 2048w, https:\/\/www.fcorvin.ch\/wp-content\/uploads\/2022\/02\/WinoxMit_Logo-128x41.jpg 128w, https:\/\/www.fcorvin.ch\/wp-content\/uploads\/2022\/02\/WinoxMit_Logo-32x10.jpg 32w\" sizes=\"auto, (max-width: 406px) 100vw, 406px\" \/><\/figure>\n<\/div>\n\n\n\n<div class=\"wp-block-column is-layout-flow wp-block-column-is-layout-flow\">\n<p class=\"wp-block-paragraph\"><strong>Winox SA<\/strong><\/p>\n\n\n\n<p class=\"wp-block-paragraph\">Chemin du Long-Champ 101<br>2504 Biel\/Bienne<br>032 328 36 36<\/p>\n<\/div>\n<\/div>\n\n\n\n<div class=\"wp-block-columns is-layout-flex wp-container-core-columns-is-layout-8f761849 wp-block-columns-is-layout-flex\">\n<div class=\"wp-block-column is-layout-flow wp-block-column-is-layout-flow\">\n<figure class=\"wp-block-image size-full is-resized\"><img loading=\"lazy\" decoding=\"async\" src=\"https:\/\/www.fcorvin.ch\/wp-content\/uploads\/2022\/02\/Pharmacie-Dr.-Hysek-AG.jpg\" alt=\"\" class=\"wp-image-366\" width=\"185\" height=\"185\" srcset=\"https:\/\/www.fcorvin.ch\/wp-content\/uploads\/2022\/02\/Pharmacie-Dr.-Hysek-AG.jpg 756w, https:\/\/www.fcorvin.ch\/wp-content\/uploads\/2022\/02\/Pharmacie-Dr.-Hysek-AG-300x300.jpg 300w, https:\/\/www.fcorvin.ch\/wp-content\/uploads\/2022\/02\/Pharmacie-Dr.-Hysek-AG-150x150.jpg 150w, https:\/\/www.fcorvin.ch\/wp-content\/uploads\/2022\/02\/Pharmacie-Dr.-Hysek-AG-128x128.jpg 128w, https:\/\/www.fcorvin.ch\/wp-content\/uploads\/2022\/02\/Pharmacie-Dr.-Hysek-AG-32x32.jpg 32w\" sizes=\"auto, (max-width: 185px) 100vw, 185px\" \/><\/figure>\n<\/div>\n\n\n\n<div class=\"wp-block-column is-layout-flow wp-block-column-is-layout-flow\">\n<p class=\"wp-block-paragraph\"><strong>Pharmacie Dr. Hysek AG<\/strong><\/p>\n\n\n\n<p class=\"wp-block-paragraph\">Rue de Boujean 162<br>2504 Biel\/Bienne<br>032 345 22 22<\/p>\n<\/div>\n<\/div>\n\n\n\n<div class=\"wp-block-columns is-layout-flex wp-container-core-columns-is-layout-8f761849 wp-block-columns-is-layout-flex\">\n<div class=\"wp-block-column is-layout-flow wp-block-column-is-layout-flow\">\n<figure class=\"wp-block-image size-large is-resized\"><img loading=\"lazy\" decoding=\"async\" src=\"https:\/\/www.fcorvin.ch\/wp-content\/uploads\/2022\/02\/NivroLog-Pub3-1024x702.png\" alt=\"\" class=\"wp-image-367\" width=\"277\" height=\"189\" srcset=\"https:\/\/www.fcorvin.ch\/wp-content\/uploads\/2022\/02\/NivroLog-Pub3-1024x702.png 1024w, https:\/\/www.fcorvin.ch\/wp-content\/uploads\/2022\/02\/NivroLog-Pub3-300x206.png 300w, https:\/\/www.fcorvin.ch\/wp-content\/uploads\/2022\/02\/NivroLog-Pub3-768x527.png 768w, https:\/\/www.fcorvin.ch\/wp-content\/uploads\/2022\/02\/NivroLog-Pub3-1536x1053.png 1536w, https:\/\/www.fcorvin.ch\/wp-content\/uploads\/2022\/02\/NivroLog-Pub3-128x88.png 128w, https:\/\/www.fcorvin.ch\/wp-content\/uploads\/2022\/02\/NivroLog-Pub3-32x22.png 32w, https:\/\/www.fcorvin.ch\/wp-content\/uploads\/2022\/02\/NivroLog-Pub3.png 1766w\" sizes=\"auto, (max-width: 277px) 100vw, 277px\" \/><\/figure>\n<\/div>\n\n\n\n<div class=\"wp-block-column is-layout-flow wp-block-column-is-layout-flow\">\n<p class=\"wp-block-paragraph\"><strong>Nivrozik<\/strong><\/p>\n\n\n\n<p class=\"wp-block-paragraph\">Sonville 6<br>2534 Orvin<br>032 358 16 32<\/p>\n<\/div>\n<\/div>\n\n\n\n<div class=\"wp-block-columns is-layout-flex wp-container-core-columns-is-layout-8f761849 wp-block-columns-is-layout-flex\">\n<div class=\"wp-block-column is-layout-flow wp-block-column-is-layout-flow\">\n<figure class=\"wp-block-image size-large is-resized\"><img loading=\"lazy\" decoding=\"async\" src=\"https:\/\/www.fcorvin.ch\/wp-content\/uploads\/2022\/02\/POMTAVA-LOGO-VERTICAL-1024x922.jpg\" alt=\"\" class=\"wp-image-368\" width=\"196\" height=\"176\" srcset=\"https:\/\/www.fcorvin.ch\/wp-content\/uploads\/2022\/02\/POMTAVA-LOGO-VERTICAL-1024x922.jpg 1024w, https:\/\/www.fcorvin.ch\/wp-content\/uploads\/2022\/02\/POMTAVA-LOGO-VERTICAL-300x270.jpg 300w, https:\/\/www.fcorvin.ch\/wp-content\/uploads\/2022\/02\/POMTAVA-LOGO-VERTICAL-768x691.jpg 768w, https:\/\/www.fcorvin.ch\/wp-content\/uploads\/2022\/02\/POMTAVA-LOGO-VERTICAL-1536x1383.jpg 1536w, https:\/\/www.fcorvin.ch\/wp-content\/uploads\/2022\/02\/POMTAVA-LOGO-VERTICAL-2048x1843.jpg 2048w, https:\/\/www.fcorvin.ch\/wp-content\/uploads\/2022\/02\/POMTAVA-LOGO-VERTICAL-128x115.jpg 128w, https:\/\/www.fcorvin.ch\/wp-content\/uploads\/2022\/02\/POMTAVA-LOGO-VERTICAL-32x29.jpg 32w\" sizes=\"auto, (max-width: 196px) 100vw, 196px\" \/><\/figure>\n<\/div>\n\n\n\n<div class=\"wp-block-column is-layout-flow wp-block-column-is-layout-flow\">\n<p class=\"wp-block-paragraph\"><strong>Pomtava SA<\/strong><\/p>\n\n\n\n<p class=\"wp-block-paragraph\">Nonceruz 2<br>2732 Reconvilier<br>032 481 15 14<\/p>\n<\/div>\n<\/div>\n\n\n\n<div class=\"wp-block-columns is-layout-flex wp-container-core-columns-is-layout-8f761849 wp-block-columns-is-layout-flex\">\n<div class=\"wp-block-column is-layout-flow wp-block-column-is-layout-flow\">\n<figure class=\"wp-block-image size-large\"><img loading=\"lazy\" decoding=\"async\" width=\"1024\" height=\"398\" src=\"https:\/\/www.fcorvin.ch\/wp-content\/uploads\/2022\/02\/Evalet-Boissons-SA-1024x398.jpg\" alt=\"\" class=\"wp-image-369\" srcset=\"https:\/\/www.fcorvin.ch\/wp-content\/uploads\/2022\/02\/Evalet-Boissons-SA-1024x398.jpg 1024w, https:\/\/www.fcorvin.ch\/wp-content\/uploads\/2022\/02\/Evalet-Boissons-SA-300x117.jpg 300w, https:\/\/www.fcorvin.ch\/wp-content\/uploads\/2022\/02\/Evalet-Boissons-SA-768x299.jpg 768w, https:\/\/www.fcorvin.ch\/wp-content\/uploads\/2022\/02\/Evalet-Boissons-SA-1536x597.jpg 1536w, https:\/\/www.fcorvin.ch\/wp-content\/uploads\/2022\/02\/Evalet-Boissons-SA-2048x797.jpg 2048w, https:\/\/www.fcorvin.ch\/wp-content\/uploads\/2022\/02\/Evalet-Boissons-SA-128x50.jpg 128w, https:\/\/www.fcorvin.ch\/wp-content\/uploads\/2022\/02\/Evalet-Boissons-SA-32x12.jpg 32w\" sizes=\"auto, (max-width: 1024px) 100vw, 1024px\" \/><\/figure>\n<\/div>\n\n\n\n<div class=\"wp-block-column is-layout-flow wp-block-column-is-layout-flow\">\n<p class=\"wp-block-paragraph\"><strong>Evalet Boissons SA<\/strong><\/p>\n\n\n\n<p class=\"wp-block-paragraph\">La Combe 15<br>2710 Tavannes<br>032 481 46 46<\/p>\n<\/div>\n<\/div>\n\n\n\n<h3 class=\"wp-block-heading\" id=\"parrains-simples\">Parrains \u00ab\u00a0simples\u00a0\u00bb<\/h3>\n\n\n\n<div class=\"wp-block-group\"><div class=\"wp-block-group__inner-container is-layout-flow wp-block-group-is-layout-flow\">\n<div class=\"wp-block-columns is-layout-flex wp-container-core-columns-is-layout-8f761849 wp-block-columns-is-layout-flex\">\n<div class=\"wp-block-column is-vertically-aligned-center is-layout-flow wp-block-column-is-layout-flow\" style=\"flex-basis:100%\">\n<div class=\"wp-block-columns is-layout-flex wp-container-core-columns-is-layout-8f761849 wp-block-columns-is-layout-flex\">\n<div class=\"wp-block-column is-layout-flow wp-block-column-is-layout-flow\" style=\"flex-basis:100%\">\n<div class=\"wp-block-group\"><div class=\"wp-block-group__inner-container is-layout-flow wp-block-group-is-layout-flow\">\n<div class=\"wp-block-group\"><div class=\"wp-block-group__inner-container is-layout-flow wp-block-group-is-layout-flow\">\n<figure class=\"wp-block-table my-justify-class is-style-stripes\"><table class=\"has-black-color has-text-color has-fixed-layout\"><tbody><tr><td><a rel=\"noreferrer noopener\" href=\"https:\/\/www.local.ch\/fr\/d\/pery\/2603\/revetements-de-sols\/cl-sols-sarl-BPW3pmexqNXPhGfxaOyANw\" target=\"_blank\"><img decoding=\"async\" style=\"width: 70px; vertical-align: middle;\" src=\"https:\/\/www.fcorvin.ch\/wp-content\/uploads\/2022\/02\/externalicon-1.png\" alt=\"\"><\/a><\/td><td class=\"has-text-align-center\" data-align=\"center\">\n<strong>CL sols S\u00e0rl<\/strong><\/td><td>Rue de la Colline 1<br>2603 P\u00e9ry<br>079 352 26 45<\/td><\/tr><tr><td class=\"has-text-align-center\" data-align=\"center\"><a href=\"https:\/\/www.vuille-sa.ch\/\" target=\"_blank\" rel=\"noreferrer noopener\"><img loading=\"lazy\" decoding=\"async\" width=\"2560\" height=\"1024\" class=\"wp-image-614\" style=\"width: 150px; vertical-align: middle;\" src=\"https:\/\/www.fcorvin.ch\/wp-content\/uploads\/2022\/03\/Vuille-Transports-SA-blanc-scaled.jpg\" alt=\"\" srcset=\"https:\/\/www.fcorvin.ch\/wp-content\/uploads\/2022\/03\/Vuille-Transports-SA-blanc-scaled.jpg 2560w, https:\/\/www.fcorvin.ch\/wp-content\/uploads\/2022\/03\/Vuille-Transports-SA-blanc-300x120.jpg 300w, https:\/\/www.fcorvin.ch\/wp-content\/uploads\/2022\/03\/Vuille-Transports-SA-blanc-1024x410.jpg 1024w, https:\/\/www.fcorvin.ch\/wp-content\/uploads\/2022\/03\/Vuille-Transports-SA-blanc-768x307.jpg 768w, https:\/\/www.fcorvin.ch\/wp-content\/uploads\/2022\/03\/Vuille-Transports-SA-blanc-1536x614.jpg 1536w, https:\/\/www.fcorvin.ch\/wp-content\/uploads\/2022\/03\/Vuille-Transports-SA-blanc-2048x819.jpg 2048w, https:\/\/www.fcorvin.ch\/wp-content\/uploads\/2022\/03\/Vuille-Transports-SA-blanc-128x51.jpg 128w\" sizes=\"auto, (max-width: 2560px) 100vw, 2560px\" \/><\/a><a rel=\"noreferrer noopener\" href=\"https:\/\/www.vuille-sa.ch\/\" data-type=\"URL\" data-id=\"https:\/\/www.vuille-sa.ch\/\" target=\"_blank\"><\/a><\/td><td class=\"has-text-align-center\" data-align=\"center\"><strong>Vuille Transports SA<\/strong><\/td><td>Chemin des Bains 1<br>2612 Cormoret<br>079 687 12 12<\/td><\/tr><tr><td class=\"has-text-align-center\" data-align=\"center\"><a href=\"https:\/\/www.local.ch\/fr\/d\/orvin\/2534\/atelier-mecanique\/frutig-yvette-LtXuMkuz--3mwidluRYkng\" target=\"_blank\" rel=\"noreferrer noopener\"><img loading=\"lazy\" decoding=\"async\" width=\"512\" height=\"512\" class=\"wp-image-350\" style=\"width: 70px; vertical-align: middle;\" src=\"https:\/\/www.fcorvin.ch\/wp-content\/uploads\/2022\/02\/externalicon-1.png\" alt=\"\" srcset=\"https:\/\/www.fcorvin.ch\/wp-content\/uploads\/2022\/02\/externalicon-1.png 512w, https:\/\/www.fcorvin.ch\/wp-content\/uploads\/2022\/02\/externalicon-1-300x300.png 300w, https:\/\/www.fcorvin.ch\/wp-content\/uploads\/2022\/02\/externalicon-1-150x150.png 150w, https:\/\/www.fcorvin.ch\/wp-content\/uploads\/2022\/02\/externalicon-1-128x128.png 128w, https:\/\/www.fcorvin.ch\/wp-content\/uploads\/2022\/02\/externalicon-1-32x32.png 32w\" sizes=\"auto, (max-width: 512px) 100vw, 512px\" \/><\/a><\/td><td class=\"has-text-align-center\" data-align=\"center\"><strong>Atelier m\u00e9canique Frutig Yvette<\/strong><\/td><td>Le Sentier 1<br>2534 Orvin<br>032 358 14 60<\/td><\/tr><tr><td class=\"has-text-align-center\" data-align=\"center\"><a href=\"https:\/\/www.antoinegrosjean.ch\/\" target=\"_blank\" rel=\"noreferrer noopener\"><img loading=\"lazy\" decoding=\"async\" width=\"2560\" height=\"1120\" class=\"wp-image-388\" style=\"width: 150px; vertical-align: middle;\" src=\"https:\/\/www.fcorvin.ch\/wp-content\/uploads\/2022\/02\/ANTOINE-GROSJEAN-SARL-LOGO-2017-sarl-scaled.jpg\" alt=\"\" srcset=\"https:\/\/www.fcorvin.ch\/wp-content\/uploads\/2022\/02\/ANTOINE-GROSJEAN-SARL-LOGO-2017-sarl-scaled.jpg 2560w, https:\/\/www.fcorvin.ch\/wp-content\/uploads\/2022\/02\/ANTOINE-GROSJEAN-SARL-LOGO-2017-sarl-300x131.jpg 300w, https:\/\/www.fcorvin.ch\/wp-content\/uploads\/2022\/02\/ANTOINE-GROSJEAN-SARL-LOGO-2017-sarl-1024x448.jpg 1024w, https:\/\/www.fcorvin.ch\/wp-content\/uploads\/2022\/02\/ANTOINE-GROSJEAN-SARL-LOGO-2017-sarl-768x336.jpg 768w, https:\/\/www.fcorvin.ch\/wp-content\/uploads\/2022\/02\/ANTOINE-GROSJEAN-SARL-LOGO-2017-sarl-1536x672.jpg 1536w, https:\/\/www.fcorvin.ch\/wp-content\/uploads\/2022\/02\/ANTOINE-GROSJEAN-SARL-LOGO-2017-sarl-2048x896.jpg 2048w, https:\/\/www.fcorvin.ch\/wp-content\/uploads\/2022\/02\/ANTOINE-GROSJEAN-SARL-LOGO-2017-sarl-128x56.jpg 128w, https:\/\/www.fcorvin.ch\/wp-content\/uploads\/2022\/02\/ANTOINE-GROSJEAN-SARL-LOGO-2017-sarl-32x14.jpg 32w\" sizes=\"auto, (max-width: 2560px) 100vw, 2560px\" \/><\/a><\/td><td class=\"has-text-align-center\" data-align=\"center\"><strong>Antoine Grosjean S\u00e0rl<\/strong><\/td><td>L&rsquo;Echelette 11<br>2534 Orvin<br>032 358 13 21<\/td><\/tr><tr><td class=\"has-text-align-center\" data-align=\"center\"><a href=\"https:\/\/www.local.ch\/fr\/d\/sonceboz-sombeval\/2605\/chauffages\/harnisch-sa-4i1Jp4suzl99SOVZYZDrQQ\" target=\"_blank\" rel=\"noreferrer noopener\"><img loading=\"lazy\" decoding=\"async\" width=\"512\" height=\"512\" class=\"wp-image-350\" style=\"width: 70px; vertical-align: middle;\" src=\"https:\/\/www.fcorvin.ch\/wp-content\/uploads\/2022\/02\/externalicon-1.png\" alt=\"\" srcset=\"https:\/\/www.fcorvin.ch\/wp-content\/uploads\/2022\/02\/externalicon-1.png 512w, https:\/\/www.fcorvin.ch\/wp-content\/uploads\/2022\/02\/externalicon-1-300x300.png 300w, https:\/\/www.fcorvin.ch\/wp-content\/uploads\/2022\/02\/externalicon-1-150x150.png 150w, https:\/\/www.fcorvin.ch\/wp-content\/uploads\/2022\/02\/externalicon-1-128x128.png 128w, https:\/\/www.fcorvin.ch\/wp-content\/uploads\/2022\/02\/externalicon-1-32x32.png 32w\" sizes=\"auto, (max-width: 512px) 100vw, 512px\" \/><\/a><\/td><td class=\"has-text-align-center\" data-align=\"center\"><strong>Chauffages&nbsp; sanitaires&nbsp; Harnisch SA<\/strong><\/td><td>Rue de la Gare 14D<br>2606 Sonceboz-Sombeval<br>032 489 15 56<\/td><\/tr><tr><td class=\"has-text-align-center\" data-align=\"center\"><a href=\"https:\/\/bonheur-des-animaux.ch\/\" target=\"_blank\" rel=\"noreferrer noopener\"><img loading=\"lazy\" decoding=\"async\" width=\"444\" height=\"330\" class=\"wp-image-389\" style=\"width: 105px; vertical-align: middle;\" src=\"https:\/\/www.fcorvin.ch\/wp-content\/uploads\/2022\/02\/Au-Bohneur-des-Animaux.png\" alt=\"\" srcset=\"https:\/\/www.fcorvin.ch\/wp-content\/uploads\/2022\/02\/Au-Bohneur-des-Animaux.png 444w, https:\/\/www.fcorvin.ch\/wp-content\/uploads\/2022\/02\/Au-Bohneur-des-Animaux-300x223.png 300w, https:\/\/www.fcorvin.ch\/wp-content\/uploads\/2022\/02\/Au-Bohneur-des-Animaux-128x95.png 128w, https:\/\/www.fcorvin.ch\/wp-content\/uploads\/2022\/02\/Au-Bohneur-des-Animaux-32x24.png 32w\" sizes=\"auto, (max-width: 444px) 100vw, 444px\" \/><\/a><\/td><td class=\"has-text-align-center\" data-align=\"center\"><strong>Au bonheur des animaux<\/strong><\/td><td>Rue de Tramelan 7<br>2710 Tavannes<br>032 481 46 01<\/td><\/tr><tr><td class=\"has-text-align-center\" data-align=\"center\"><a href=\"https:\/\/www.elmecor.ch\/\" target=\"_blank\" rel=\"noreferrer noopener\"><img loading=\"lazy\" decoding=\"async\" width=\"512\" height=\"512\" class=\"wp-image-350\" style=\"width: 70px; vertical-align: middle;\" src=\"https:\/\/www.fcorvin.ch\/wp-content\/uploads\/2022\/02\/externalicon-1.png\" alt=\"\" srcset=\"https:\/\/www.fcorvin.ch\/wp-content\/uploads\/2022\/02\/externalicon-1.png 512w, https:\/\/www.fcorvin.ch\/wp-content\/uploads\/2022\/02\/externalicon-1-300x300.png 300w, https:\/\/www.fcorvin.ch\/wp-content\/uploads\/2022\/02\/externalicon-1-150x150.png 150w, https:\/\/www.fcorvin.ch\/wp-content\/uploads\/2022\/02\/externalicon-1-128x128.png 128w, https:\/\/www.fcorvin.ch\/wp-content\/uploads\/2022\/02\/externalicon-1-32x32.png 32w\" sizes=\"auto, (max-width: 512px) 100vw, 512px\" \/><\/a><\/td><td class=\"has-text-align-center\" data-align=\"center\"><strong>Elmecor<\/strong><\/td><td>La Charri\u00e8re 7<br>2534 Orvin<br>032 358 15 79<\/td><\/tr><tr><td class=\"has-text-align-center\" data-align=\"center\"><a href=\"https:\/\/www.teleskinods.ch\/\" target=\"_blank\" rel=\"noreferrer noopener\"><img loading=\"lazy\" decoding=\"async\" width=\"512\" height=\"512\" class=\"wp-image-350\" style=\"width: 70px; vertical-align: middle;\" src=\"https:\/\/www.fcorvin.ch\/wp-content\/uploads\/2022\/02\/externalicon-1.png\" alt=\"\" srcset=\"https:\/\/www.fcorvin.ch\/wp-content\/uploads\/2022\/02\/externalicon-1.png 512w, https:\/\/www.fcorvin.ch\/wp-content\/uploads\/2022\/02\/externalicon-1-300x300.png 300w, https:\/\/www.fcorvin.ch\/wp-content\/uploads\/2022\/02\/externalicon-1-150x150.png 150w, https:\/\/www.fcorvin.ch\/wp-content\/uploads\/2022\/02\/externalicon-1-128x128.png 128w, https:\/\/www.fcorvin.ch\/wp-content\/uploads\/2022\/02\/externalicon-1-32x32.png 32w\" sizes=\"auto, (max-width: 512px) 100vw, 512px\" \/><\/a><\/td><td class=\"has-text-align-center\" data-align=\"center\"><strong>T\u00e9l\u00e9ski Nods-Chasseral<\/strong><\/td><td>Impasse du Carron 18<br>2518 Nods<br>032 751 64 89<br>079 631 40 67<\/td><\/tr><tr><td class=\"has-text-align-center\" data-align=\"center\"><a href=\"https:\/\/www.local.ch\/fr\/d\/preles\/2515\/entreprise-de-carrelage\/beguin-sarl-HVaFAAYVX3eaze4CbzGq_A\" target=\"_blank\" rel=\"noreferrer noopener\"><img loading=\"lazy\" decoding=\"async\" width=\"1063\" height=\"709\" class=\"wp-image-601\" style=\"width: 150px; vertical-align: middle;\" src=\"https:\/\/www.fcorvin.ch\/wp-content\/uploads\/2022\/03\/vk_11_beguin-1.jpg\" alt=\"\" srcset=\"https:\/\/www.fcorvin.ch\/wp-content\/uploads\/2022\/03\/vk_11_beguin-1.jpg 1063w, https:\/\/www.fcorvin.ch\/wp-content\/uploads\/2022\/03\/vk_11_beguin-1-300x200.jpg 300w, https:\/\/www.fcorvin.ch\/wp-content\/uploads\/2022\/03\/vk_11_beguin-1-1024x683.jpg 1024w, https:\/\/www.fcorvin.ch\/wp-content\/uploads\/2022\/03\/vk_11_beguin-1-768x512.jpg 768w, https:\/\/www.fcorvin.ch\/wp-content\/uploads\/2022\/03\/vk_11_beguin-1-128x85.jpg 128w, https:\/\/www.fcorvin.ch\/wp-content\/uploads\/2022\/03\/vk_11_beguin-1-32x21.jpg 32w\" sizes=\"auto, (max-width: 1063px) 100vw, 1063px\" \/><\/a><\/td><td class=\"has-text-align-center\" data-align=\"center\"><strong>Entreprise de carrelage&nbsp; B\u00e9guin S\u00e0rl<\/strong><\/td><td>Contre Montet 12<br>2515 Pr\u00eales<br>032 315 76 68<br>079 342 79 56<\/td><\/tr><tr><td class=\"has-text-align-center\" data-align=\"center\"><a href=\"https:\/\/www.facebook.com\/RL.Labate.Roberto\/\" target=\"_blank\" rel=\"noreferrer noopener\"><img loading=\"lazy\" decoding=\"async\" width=\"1988\" height=\"1277\" class=\"wp-image-612\" style=\"width: 150px; vertical-align: middle;\" src=\"https:\/\/www.fcorvin.ch\/wp-content\/uploads\/2022\/03\/Labate-Roberto-Sanitaires.jpg\" alt=\"\" srcset=\"https:\/\/www.fcorvin.ch\/wp-content\/uploads\/2022\/03\/Labate-Roberto-Sanitaires.jpg 1988w, https:\/\/www.fcorvin.ch\/wp-content\/uploads\/2022\/03\/Labate-Roberto-Sanitaires-300x193.jpg 300w, https:\/\/www.fcorvin.ch\/wp-content\/uploads\/2022\/03\/Labate-Roberto-Sanitaires-1024x658.jpg 1024w, https:\/\/www.fcorvin.ch\/wp-content\/uploads\/2022\/03\/Labate-Roberto-Sanitaires-768x493.jpg 768w, https:\/\/www.fcorvin.ch\/wp-content\/uploads\/2022\/03\/Labate-Roberto-Sanitaires-1536x987.jpg 1536w, https:\/\/www.fcorvin.ch\/wp-content\/uploads\/2022\/03\/Labate-Roberto-Sanitaires-128x82.jpg 128w, https:\/\/www.fcorvin.ch\/wp-content\/uploads\/2022\/03\/Labate-Roberto-Sanitaires-32x21.jpg 32w\" sizes=\"auto, (max-width: 1988px) 100vw, 1988px\" \/><\/a><\/td><td class=\"has-text-align-center\" data-align=\"center\"><strong>RL sanitaires-chauffage, LABATE<\/strong><\/td><td>Rue des Pr\u00e9jures 4<br>2710 Tavannes<br>079 557 28 95<\/td><\/tr><tr><td class=\"has-text-align-center\" data-align=\"center\"><a href=\"https:\/\/www.facebook.com\/profile.php?id=100057521916332\" target=\"_blank\" rel=\"noreferrer noopener\"><img loading=\"lazy\" decoding=\"async\" width=\"1740\" height=\"1106\" class=\"wp-image-494\" style=\"width: 150px; vertical-align: middle;\" src=\"https:\/\/www.fcorvin.ch\/wp-content\/uploads\/2022\/03\/Boucherie-Letondelle.jpg\" alt=\"\" srcset=\"https:\/\/www.fcorvin.ch\/wp-content\/uploads\/2022\/03\/Boucherie-Letondelle.jpg 1740w, https:\/\/www.fcorvin.ch\/wp-content\/uploads\/2022\/03\/Boucherie-Letondelle-300x191.jpg 300w, https:\/\/www.fcorvin.ch\/wp-content\/uploads\/2022\/03\/Boucherie-Letondelle-1024x651.jpg 1024w, https:\/\/www.fcorvin.ch\/wp-content\/uploads\/2022\/03\/Boucherie-Letondelle-768x488.jpg 768w, https:\/\/www.fcorvin.ch\/wp-content\/uploads\/2022\/03\/Boucherie-Letondelle-1536x976.jpg 1536w, https:\/\/www.fcorvin.ch\/wp-content\/uploads\/2022\/03\/Boucherie-Letondelle-128x81.jpg 128w, https:\/\/www.fcorvin.ch\/wp-content\/uploads\/2022\/03\/Boucherie-Letondelle-32x20.jpg 32w\" sizes=\"auto, (max-width: 1740px) 100vw, 1740px\" \/><\/a><\/td><td class=\"has-text-align-center\" data-align=\"center\"><strong>Boucherie Letondelle Reinhard S\u00e0rl<\/strong><\/td><td>Grand-Rue 19<br>2732 Reconvilier<br>032 481 21 31<\/td><\/tr><tr><td class=\"has-text-align-center\" data-align=\"center\"><a href=\"https:\/\/www.terresauvage.ch\/\" target=\"_blank\" rel=\"noreferrer noopener\"><img loading=\"lazy\" decoding=\"async\" width=\"1052\" height=\"627\" class=\"wp-image-391\" style=\"width: 150px; vertical-align: middle;\" src=\"https:\/\/www.fcorvin.ch\/wp-content\/uploads\/2022\/02\/Terre-sauvage-Yvonne-Steiner.jpg\" alt=\"\" srcset=\"https:\/\/www.fcorvin.ch\/wp-content\/uploads\/2022\/02\/Terre-sauvage-Yvonne-Steiner.jpg 1052w, https:\/\/www.fcorvin.ch\/wp-content\/uploads\/2022\/02\/Terre-sauvage-Yvonne-Steiner-300x179.jpg 300w, https:\/\/www.fcorvin.ch\/wp-content\/uploads\/2022\/02\/Terre-sauvage-Yvonne-Steiner-1024x610.jpg 1024w, https:\/\/www.fcorvin.ch\/wp-content\/uploads\/2022\/02\/Terre-sauvage-Yvonne-Steiner-768x458.jpg 768w, https:\/\/www.fcorvin.ch\/wp-content\/uploads\/2022\/02\/Terre-sauvage-Yvonne-Steiner-128x76.jpg 128w, https:\/\/www.fcorvin.ch\/wp-content\/uploads\/2022\/02\/Terre-sauvage-Yvonne-Steiner-32x19.jpg 32w\" sizes=\"auto, (max-width: 1052px) 100vw, 1052px\" \/><\/a><\/td><td class=\"has-text-align-center\" data-align=\"center\"><strong>Terre Sauvage Yvonne Steiner<\/strong><\/td><td>Les Grands-Pr\u00e9s 15<br>2608 Courtelary<br>079 513 46 31<\/td><\/tr><tr><td class=\"has-text-align-center\" data-align=\"center\"><a href=\"https:\/\/www.facebook.com\/LaPrusseOrvin\" target=\"_blank\" rel=\"noreferrer noopener\"><img loading=\"lazy\" decoding=\"async\" width=\"512\" height=\"512\" class=\"wp-image-350\" style=\"width: 70px; vertical-align: middle;\" src=\"https:\/\/www.fcorvin.ch\/wp-content\/uploads\/2022\/02\/externalicon-1.png\" alt=\"\" srcset=\"https:\/\/www.fcorvin.ch\/wp-content\/uploads\/2022\/02\/externalicon-1.png 512w, https:\/\/www.fcorvin.ch\/wp-content\/uploads\/2022\/02\/externalicon-1-300x300.png 300w, https:\/\/www.fcorvin.ch\/wp-content\/uploads\/2022\/02\/externalicon-1-150x150.png 150w, https:\/\/www.fcorvin.ch\/wp-content\/uploads\/2022\/02\/externalicon-1-128x128.png 128w, https:\/\/www.fcorvin.ch\/wp-content\/uploads\/2022\/02\/externalicon-1-32x32.png 32w\" sizes=\"auto, (max-width: 512px) 100vw, 512px\" \/><\/a><\/td><td class=\"has-text-align-center\" data-align=\"center\"><strong>Restaurant La Prusse<\/strong><\/td><td>Le Coin 4<br>2534 Orvin<br>032 358 12 15<\/td><\/tr><tr><td class=\"has-text-align-center\" data-align=\"center\"><a href=\"https:\/\/www.corinneetfrancine.ch\/\" target=\"_blank\" rel=\"noreferrer noopener\"><img loading=\"lazy\" decoding=\"async\" width=\"512\" height=\"512\" class=\"wp-image-350\" style=\"width: 70px; vertical-align: middle;\" src=\"https:\/\/www.fcorvin.ch\/wp-content\/uploads\/2022\/02\/externalicon-1.png\" alt=\"\" srcset=\"https:\/\/www.fcorvin.ch\/wp-content\/uploads\/2022\/02\/externalicon-1.png 512w, https:\/\/www.fcorvin.ch\/wp-content\/uploads\/2022\/02\/externalicon-1-300x300.png 300w, https:\/\/www.fcorvin.ch\/wp-content\/uploads\/2022\/02\/externalicon-1-150x150.png 150w, https:\/\/www.fcorvin.ch\/wp-content\/uploads\/2022\/02\/externalicon-1-128x128.png 128w, https:\/\/www.fcorvin.ch\/wp-content\/uploads\/2022\/02\/externalicon-1-32x32.png 32w\" sizes=\"auto, (max-width: 512px) 100vw, 512px\" \/><\/a><\/td><td class=\"has-text-align-center\" data-align=\"center\"><strong>Alimentation Chez Corinne et Francine<\/strong><\/td><td>Route d&rsquo;Evillard 2<br>2534 Orvin<br>032 358 11 89<\/td><\/tr><tr><td class=\"has-text-align-center\" data-align=\"center\"><a href=\"https:\/\/www.ateliercoupdecoeur.ch\/\" target=\"_blank\" rel=\"noreferrer noopener\"><img loading=\"lazy\" decoding=\"async\" width=\"1240\" height=\"1748\" class=\"wp-image-392\" style=\"width: 70px; vertical-align: middle;\" src=\"https:\/\/www.fcorvin.ch\/wp-content\/uploads\/2022\/02\/Atelier-Coup-de-Coeur.png\" alt=\"\" srcset=\"https:\/\/www.fcorvin.ch\/wp-content\/uploads\/2022\/02\/Atelier-Coup-de-Coeur.png 1240w, https:\/\/www.fcorvin.ch\/wp-content\/uploads\/2022\/02\/Atelier-Coup-de-Coeur-213x300.png 213w, https:\/\/www.fcorvin.ch\/wp-content\/uploads\/2022\/02\/Atelier-Coup-de-Coeur-726x1024.png 726w, https:\/\/www.fcorvin.ch\/wp-content\/uploads\/2022\/02\/Atelier-Coup-de-Coeur-768x1083.png 768w, https:\/\/www.fcorvin.ch\/wp-content\/uploads\/2022\/02\/Atelier-Coup-de-Coeur-1090x1536.png 1090w, https:\/\/www.fcorvin.ch\/wp-content\/uploads\/2022\/02\/Atelier-Coup-de-Coeur-91x128.png 91w, https:\/\/www.fcorvin.ch\/wp-content\/uploads\/2022\/02\/Atelier-Coup-de-Coeur-23x32.png 23w\" sizes=\"auto, (max-width: 1240px) 100vw, 1240px\" \/><\/a><\/td><td class=\"has-text-align-center\" data-align=\"center\"><strong>Atelier coup de c\u0153ur S\u00e0rl<\/strong><\/td><td>Grand-Rue 31<br>2606 Corg\u00e9mont<br>032 489 24 14<\/td><\/tr><tr><td class=\"has-text-align-center\" data-align=\"center\"><a href=\"https:\/\/jurgprysi.digitalone.site\/\" target=\"_blank\" rel=\"noreferrer noopener\"><img loading=\"lazy\" decoding=\"async\" width=\"2136\" height=\"2560\" class=\"wp-image-598\" style=\"width: 100px; vertical-align: middle;\" src=\"https:\/\/www.fcorvin.ch\/wp-content\/uploads\/2022\/03\/Serrurerie-Prysi-scaled.jpg\" alt=\"\" srcset=\"https:\/\/www.fcorvin.ch\/wp-content\/uploads\/2022\/03\/Serrurerie-Prysi-scaled.jpg 2136w, https:\/\/www.fcorvin.ch\/wp-content\/uploads\/2022\/03\/Serrurerie-Prysi-250x300.jpg 250w, https:\/\/www.fcorvin.ch\/wp-content\/uploads\/2022\/03\/Serrurerie-Prysi-854x1024.jpg 854w, https:\/\/www.fcorvin.ch\/wp-content\/uploads\/2022\/03\/Serrurerie-Prysi-768x920.jpg 768w, https:\/\/www.fcorvin.ch\/wp-content\/uploads\/2022\/03\/Serrurerie-Prysi-1282x1536.jpg 1282w, https:\/\/www.fcorvin.ch\/wp-content\/uploads\/2022\/03\/Serrurerie-Prysi-1709x2048.jpg 1709w, https:\/\/www.fcorvin.ch\/wp-content\/uploads\/2022\/03\/Serrurerie-Prysi-107x128.jpg 107w, https:\/\/www.fcorvin.ch\/wp-content\/uploads\/2022\/03\/Serrurerie-Prysi-27x32.jpg 27w\" sizes=\"auto, (max-width: 2136px) 100vw, 2136px\" \/><\/a><\/td><td class=\"has-text-align-center\" data-align=\"center\"><strong>Serrurerie, constructions m\u00e9talliques Prysi J\u00fcrg<\/strong><\/td><td>Chemin des Tsch\u00e8tres 5<br>2518 Nods<br>032 751 25 39<br>079 330 17 38<\/td><\/tr><tr><td class=\"has-text-align-center\" data-align=\"center\"><a href=\"https:\/\/www.ozi-renovation.ch\/\" target=\"_blank\" rel=\"noreferrer noopener\"><img loading=\"lazy\" decoding=\"async\" width=\"795\" height=\"572\" class=\"wp-image-594\" style=\"width: 130px; vertical-align: middle;\" src=\"https:\/\/www.fcorvin.ch\/wp-content\/uploads\/2022\/03\/Ozi-Renovation.jpg\" alt=\"\" srcset=\"https:\/\/www.fcorvin.ch\/wp-content\/uploads\/2022\/03\/Ozi-Renovation.jpg 795w, https:\/\/www.fcorvin.ch\/wp-content\/uploads\/2022\/03\/Ozi-Renovation-300x216.jpg 300w, https:\/\/www.fcorvin.ch\/wp-content\/uploads\/2022\/03\/Ozi-Renovation-768x553.jpg 768w, https:\/\/www.fcorvin.ch\/wp-content\/uploads\/2022\/03\/Ozi-Renovation-128x92.jpg 128w, https:\/\/www.fcorvin.ch\/wp-content\/uploads\/2022\/03\/Ozi-Renovation-32x23.jpg 32w\" sizes=\"auto, (max-width: 795px) 100vw, 795px\" \/><\/a><\/td><td class=\"has-text-align-center\" data-align=\"center\"><strong>Peinture Aydogan \u00d6zkan<\/strong><\/td><td>Rue de Tramelan 25<br>2710 Tavannes<br>078 913 02 04<\/td><\/tr><tr><td class=\"has-text-align-center\" data-align=\"center\"><a href=\"https:\/\/entreprise-de-peinture-fragnoli-bruno.business.site\/\" target=\"_blank\" rel=\"noreferrer noopener\"><img loading=\"lazy\" decoding=\"async\" width=\"1007\" height=\"1039\" class=\"wp-image-495\" style=\"width: 100px; vertical-align: middle;\" src=\"https:\/\/www.fcorvin.ch\/wp-content\/uploads\/2022\/03\/Fragnoli-Renovations.jpg\" alt=\"\" srcset=\"https:\/\/www.fcorvin.ch\/wp-content\/uploads\/2022\/03\/Fragnoli-Renovations.jpg 1007w, https:\/\/www.fcorvin.ch\/wp-content\/uploads\/2022\/03\/Fragnoli-Renovations-291x300.jpg 291w, https:\/\/www.fcorvin.ch\/wp-content\/uploads\/2022\/03\/Fragnoli-Renovations-992x1024.jpg 992w, https:\/\/www.fcorvin.ch\/wp-content\/uploads\/2022\/03\/Fragnoli-Renovations-768x792.jpg 768w, https:\/\/www.fcorvin.ch\/wp-content\/uploads\/2022\/03\/Fragnoli-Renovations-124x128.jpg 124w, https:\/\/www.fcorvin.ch\/wp-content\/uploads\/2022\/03\/Fragnoli-Renovations-32x32.jpg 32w\" sizes=\"auto, (max-width: 1007px) 100vw, 1007px\" \/><\/a><\/td><td class=\"has-text-align-center\" data-align=\"center\"><strong>Entreprise de Peinture Fragnoli Bruno<\/strong><\/td><td>Grand-Rue 3<br>2710 Tavannes<br>079 859 51 71<\/td><\/tr><tr><td class=\"has-text-align-center\" data-align=\"center\"><a href=\"https:\/\/www.sololei.ch\/\" target=\"_blank\" rel=\"noreferrer noopener\"><img loading=\"lazy\" decoding=\"async\" width=\"1605\" height=\"1028\" class=\"wp-image-496\" style=\"width: 150px; vertical-align: middle;\" src=\"https:\/\/www.fcorvin.ch\/wp-content\/uploads\/2022\/03\/Sololeil-Praxis-Erika-Joray.jpg\" alt=\"\" srcset=\"https:\/\/www.fcorvin.ch\/wp-content\/uploads\/2022\/03\/Sololeil-Praxis-Erika-Joray.jpg 1605w, https:\/\/www.fcorvin.ch\/wp-content\/uploads\/2022\/03\/Sololeil-Praxis-Erika-Joray-300x192.jpg 300w, https:\/\/www.fcorvin.ch\/wp-content\/uploads\/2022\/03\/Sololeil-Praxis-Erika-Joray-1024x656.jpg 1024w, https:\/\/www.fcorvin.ch\/wp-content\/uploads\/2022\/03\/Sololeil-Praxis-Erika-Joray-768x492.jpg 768w, https:\/\/www.fcorvin.ch\/wp-content\/uploads\/2022\/03\/Sololeil-Praxis-Erika-Joray-1536x984.jpg 1536w, https:\/\/www.fcorvin.ch\/wp-content\/uploads\/2022\/03\/Sololeil-Praxis-Erika-Joray-128x82.jpg 128w, https:\/\/www.fcorvin.ch\/wp-content\/uploads\/2022\/03\/Sololeil-Praxis-Erika-Joray-32x20.jpg 32w\" sizes=\"auto, (max-width: 1605px) 100vw, 1605px\" \/><\/a><\/td><td class=\"has-text-align-center\" data-align=\"center\"><strong>Th\u00e9rapie par la respiration,&nbsp; Praxis Sololei<\/strong><\/td><td>Madretschstrasse 27<br>2503 Biel\/Bienne<br>032 365 12 20<\/td><\/tr><tr><td class=\"has-text-align-center\" data-align=\"center\"><a href=\"https:\/\/www.facebook.com\/Massages-Alessia-Cristian-158400128062020\/\" target=\"_blank\" rel=\"noreferrer noopener\"><img loading=\"lazy\" decoding=\"async\" width=\"827\" height=\"1165\" class=\"wp-image-394\" style=\"width: 70px; vertical-align: middle;\" src=\"https:\/\/www.fcorvin.ch\/wp-content\/uploads\/2022\/02\/Alessia-Cristian-Massages.jpg\" alt=\"\" srcset=\"https:\/\/www.fcorvin.ch\/wp-content\/uploads\/2022\/02\/Alessia-Cristian-Massages.jpg 827w, https:\/\/www.fcorvin.ch\/wp-content\/uploads\/2022\/02\/Alessia-Cristian-Massages-213x300.jpg 213w, https:\/\/www.fcorvin.ch\/wp-content\/uploads\/2022\/02\/Alessia-Cristian-Massages-727x1024.jpg 727w, https:\/\/www.fcorvin.ch\/wp-content\/uploads\/2022\/02\/Alessia-Cristian-Massages-768x1082.jpg 768w, https:\/\/www.fcorvin.ch\/wp-content\/uploads\/2022\/02\/Alessia-Cristian-Massages-91x128.jpg 91w, https:\/\/www.fcorvin.ch\/wp-content\/uploads\/2022\/02\/Alessia-Cristian-Massages-23x32.jpg 23w\" sizes=\"auto, (max-width: 827px) 100vw, 827px\" \/><\/a><\/td><td class=\"has-text-align-center\" data-align=\"center\"><strong>Massages Alessia Cristian<\/strong><\/td><td>Chemin des Voies 20<br>2503 Biel\/Bienne<br>078 803 34 79<\/td><\/tr><tr><td class=\"has-text-align-center\" data-align=\"center\"><a href=\"https:\/\/www.torti-sa.ch\/\" target=\"_blank\" rel=\"noreferrer noopener\"><img loading=\"lazy\" decoding=\"async\" width=\"1509\" height=\"587\" class=\"wp-image-395\" style=\"width: 150px; vertical-align: middle;\" src=\"https:\/\/www.fcorvin.ch\/wp-content\/uploads\/2022\/02\/Torti-logo-vectorise-2.jpg\" alt=\"\" srcset=\"https:\/\/www.fcorvin.ch\/wp-content\/uploads\/2022\/02\/Torti-logo-vectorise-2.jpg 1509w, https:\/\/www.fcorvin.ch\/wp-content\/uploads\/2022\/02\/Torti-logo-vectorise-2-300x117.jpg 300w, https:\/\/www.fcorvin.ch\/wp-content\/uploads\/2022\/02\/Torti-logo-vectorise-2-1024x398.jpg 1024w, https:\/\/www.fcorvin.ch\/wp-content\/uploads\/2022\/02\/Torti-logo-vectorise-2-768x299.jpg 768w, https:\/\/www.fcorvin.ch\/wp-content\/uploads\/2022\/02\/Torti-logo-vectorise-2-128x50.jpg 128w, https:\/\/www.fcorvin.ch\/wp-content\/uploads\/2022\/02\/Torti-logo-vectorise-2-32x12.jpg 32w\" sizes=\"auto, (max-width: 1509px) 100vw, 1509px\" \/><\/a><\/td><td class=\"has-text-align-center\" data-align=\"center\"><strong>Torti Fr\u00e8res SA<\/strong><\/td><td>Grand-Rue 57<br>2732 Reconvilier<br>032 481 21 78<br>079 356 33 54<\/td><\/tr><tr><td class=\"has-text-align-center\" data-align=\"center\"><a href=\"https:\/\/labriocheorvin.ch\/\" target=\"_blank\" rel=\"noreferrer noopener\"><img loading=\"lazy\" decoding=\"async\" width=\"512\" height=\"512\" class=\"wp-image-350\" style=\"width: 70px; vertical-align: middle;\" src=\"https:\/\/www.fcorvin.ch\/wp-content\/uploads\/2022\/02\/externalicon-1.png\" alt=\"\" srcset=\"https:\/\/www.fcorvin.ch\/wp-content\/uploads\/2022\/02\/externalicon-1.png 512w, https:\/\/www.fcorvin.ch\/wp-content\/uploads\/2022\/02\/externalicon-1-300x300.png 300w, https:\/\/www.fcorvin.ch\/wp-content\/uploads\/2022\/02\/externalicon-1-150x150.png 150w, https:\/\/www.fcorvin.ch\/wp-content\/uploads\/2022\/02\/externalicon-1-128x128.png 128w, https:\/\/www.fcorvin.ch\/wp-content\/uploads\/2022\/02\/externalicon-1-32x32.png 32w\" sizes=\"auto, (max-width: 512px) 100vw, 512px\" \/><\/a><\/td><td class=\"has-text-align-center\" data-align=\"center\"><strong>Boulangerie et p\u00e2tisserie La Brioche Orvin SA<\/strong><\/td><td>Route Principale 6<br>2534 Orvin<br>032 552 08 08<\/td><\/tr><tr><td class=\"has-text-align-center\" data-align=\"center\"><a href=\"http:\/\/www.lefoncet.ch\/\" target=\"_blank\" rel=\"noreferrer noopener\"><img loading=\"lazy\" decoding=\"async\" width=\"512\" height=\"512\" class=\"wp-image-350\" style=\"width: 70px; vertical-align: middle;\" src=\"https:\/\/www.fcorvin.ch\/wp-content\/uploads\/2022\/02\/externalicon-1.png\" alt=\"\" srcset=\"https:\/\/www.fcorvin.ch\/wp-content\/uploads\/2022\/02\/externalicon-1.png 512w, https:\/\/www.fcorvin.ch\/wp-content\/uploads\/2022\/02\/externalicon-1-300x300.png 300w, https:\/\/www.fcorvin.ch\/wp-content\/uploads\/2022\/02\/externalicon-1-150x150.png 150w, https:\/\/www.fcorvin.ch\/wp-content\/uploads\/2022\/02\/externalicon-1-128x128.png 128w, https:\/\/www.fcorvin.ch\/wp-content\/uploads\/2022\/02\/externalicon-1-32x32.png 32w\" sizes=\"auto, (max-width: 512px) 100vw, 512px\" \/><\/a><\/td><td class=\"has-text-align-center\" data-align=\"center\"><strong>Centre Equestre le Foncet<\/strong><\/td><td>Foncet 115<br>2534 Orvin<br>079 290 88 59<\/td><\/tr><tr><td class=\"has-text-align-center\" data-align=\"center\"><a href=\"https:\/\/www.rocs.ch\/\" target=\"_blank\" rel=\"noreferrer noopener\"><img loading=\"lazy\" decoding=\"async\" width=\"400\" height=\"169\" class=\"wp-image-396\" style=\"width: 150px; vertical-align: middle;\" src=\"https:\/\/www.fcorvin.ch\/wp-content\/uploads\/2022\/02\/Garage-Des-Rocs.jpg\" alt=\"\" srcset=\"https:\/\/www.fcorvin.ch\/wp-content\/uploads\/2022\/02\/Garage-Des-Rocs.jpg 400w, https:\/\/www.fcorvin.ch\/wp-content\/uploads\/2022\/02\/Garage-Des-Rocs-300x127.jpg 300w, https:\/\/www.fcorvin.ch\/wp-content\/uploads\/2022\/02\/Garage-Des-Rocs-128x54.jpg 128w, https:\/\/www.fcorvin.ch\/wp-content\/uploads\/2022\/02\/Garage-Des-Rocs-32x14.jpg 32w\" sizes=\"auto, (max-width: 400px) 100vw, 400px\" \/><\/a><\/td><td class=\"has-text-align-center\" data-align=\"center\"><strong>Garage des 3 Sapins SA<\/strong><\/td><td>c\/o Garage des Rocs SA<br>Route de Lamboing 45<br>2517 Diesse <br>032 315 02 50<\/td><\/tr><tr><td class=\"has-text-align-center\" data-align=\"center\"><a href=\"https:\/\/www.local.ch\/fr\/d\/biel-bienne\/2503\/entreprise-de-peinture\/regazzi-a-s-sa-hWl2cz01QlMUx6FhR6jFnQ\" target=\"_blank\" rel=\"noreferrer noopener\"><img loading=\"lazy\" decoding=\"async\" width=\"2560\" height=\"1302\" class=\"wp-image-497\" style=\"width: 150px; vertical-align: middle;\" src=\"https:\/\/www.fcorvin.ch\/wp-content\/uploads\/2022\/03\/REGAZZI-SA-scaled.jpg\" alt=\"\" srcset=\"https:\/\/www.fcorvin.ch\/wp-content\/uploads\/2022\/03\/REGAZZI-SA-scaled.jpg 2560w, https:\/\/www.fcorvin.ch\/wp-content\/uploads\/2022\/03\/REGAZZI-SA-300x153.jpg 300w, https:\/\/www.fcorvin.ch\/wp-content\/uploads\/2022\/03\/REGAZZI-SA-1024x521.jpg 1024w, https:\/\/www.fcorvin.ch\/wp-content\/uploads\/2022\/03\/REGAZZI-SA-768x391.jpg 768w, https:\/\/www.fcorvin.ch\/wp-content\/uploads\/2022\/03\/REGAZZI-SA-1536x781.jpg 1536w, https:\/\/www.fcorvin.ch\/wp-content\/uploads\/2022\/03\/REGAZZI-SA-2048x1042.jpg 2048w, https:\/\/www.fcorvin.ch\/wp-content\/uploads\/2022\/03\/REGAZZI-SA-128x65.jpg 128w, https:\/\/www.fcorvin.ch\/wp-content\/uploads\/2022\/03\/REGAZZI-SA-32x16.jpg 32w\" sizes=\"auto, (max-width: 2560px) 100vw, 2560px\" \/><\/a><\/td><td class=\"has-text-align-center\" data-align=\"center\"><strong>Regazzi A.+S. SA<\/strong><\/td><td>Lore-Sandoz-Weg 23<br>2503 Biel\/Bienne<br>032 365 07 05<\/td><\/tr><tr><td class=\"has-text-align-center\" data-align=\"center\"><a href=\"https:\/\/www.local.ch\/fr\/d\/orvin\/2534\/ferblanterie-couverture\/mottet-EjLORwtQ9KZ1-Qv_eiCvvw\" target=\"_blank\" rel=\"noreferrer noopener\"><img loading=\"lazy\" decoding=\"async\" width=\"512\" height=\"512\" class=\"wp-image-350\" style=\"width: 70px; vertical-align: middle;\" src=\"https:\/\/www.fcorvin.ch\/wp-content\/uploads\/2022\/02\/externalicon-1.png\" alt=\"\" srcset=\"https:\/\/www.fcorvin.ch\/wp-content\/uploads\/2022\/02\/externalicon-1.png 512w, https:\/\/www.fcorvin.ch\/wp-content\/uploads\/2022\/02\/externalicon-1-300x300.png 300w, https:\/\/www.fcorvin.ch\/wp-content\/uploads\/2022\/02\/externalicon-1-150x150.png 150w, https:\/\/www.fcorvin.ch\/wp-content\/uploads\/2022\/02\/externalicon-1-128x128.png 128w, https:\/\/www.fcorvin.ch\/wp-content\/uploads\/2022\/02\/externalicon-1-32x32.png 32w\" sizes=\"auto, (max-width: 512px) 100vw, 512px\" \/><\/a><\/td><td class=\"has-text-align-center\" data-align=\"center\"><strong>Ferblanterie-sanitaire Mottet<\/strong><\/td><td>L&rsquo;Echelette 10<br>2534 Orvin<br>032 358 19 74<\/td><\/tr><tr><td class=\"has-text-align-center\" data-align=\"center\"><a href=\"https:\/\/www.facebook.com\/Beaulieuevilard\/\" target=\"_blank\" rel=\"noreferrer noopener\"><img loading=\"lazy\" decoding=\"async\" width=\"512\" height=\"512\" class=\"wp-image-350\" style=\"width: 70px; vertical-align: middle;\" src=\"https:\/\/www.fcorvin.ch\/wp-content\/uploads\/2022\/02\/externalicon-1.png\" alt=\"\" srcset=\"https:\/\/www.fcorvin.ch\/wp-content\/uploads\/2022\/02\/externalicon-1.png 512w, https:\/\/www.fcorvin.ch\/wp-content\/uploads\/2022\/02\/externalicon-1-300x300.png 300w, https:\/\/www.fcorvin.ch\/wp-content\/uploads\/2022\/02\/externalicon-1-150x150.png 150w, https:\/\/www.fcorvin.ch\/wp-content\/uploads\/2022\/02\/externalicon-1-128x128.png 128w, https:\/\/www.fcorvin.ch\/wp-content\/uploads\/2022\/02\/externalicon-1-32x32.png 32w\" sizes=\"auto, (max-width: 512px) 100vw, 512px\" \/><\/a><\/td><td class=\"has-text-align-center\" data-align=\"center\"><strong>Restaurant Beaulieu<\/strong><\/td><td>Route Principale 48<br>2533 Evilard<br>032 322 62 88<\/td><\/tr><tr><td class=\"has-text-align-center\" data-align=\"center\"><a href=\"https:\/\/www.facebook.com\/Hotel-Restaurant-Central-Tavannes-354194674982161\/\" target=\"_blank\" rel=\"noreferrer noopener\"><img loading=\"lazy\" decoding=\"async\" width=\"1500\" height=\"809\" class=\"wp-image-502\" style=\"width: 150px; vertical-align: middle;\" src=\"https:\/\/www.fcorvin.ch\/wp-content\/uploads\/2022\/03\/Central-Hotel-Restaurant.jpg\" alt=\"\" srcset=\"https:\/\/www.fcorvin.ch\/wp-content\/uploads\/2022\/03\/Central-Hotel-Restaurant.jpg 1500w, https:\/\/www.fcorvin.ch\/wp-content\/uploads\/2022\/03\/Central-Hotel-Restaurant-300x162.jpg 300w, https:\/\/www.fcorvin.ch\/wp-content\/uploads\/2022\/03\/Central-Hotel-Restaurant-1024x552.jpg 1024w, https:\/\/www.fcorvin.ch\/wp-content\/uploads\/2022\/03\/Central-Hotel-Restaurant-768x414.jpg 768w, https:\/\/www.fcorvin.ch\/wp-content\/uploads\/2022\/03\/Central-Hotel-Restaurant-128x69.jpg 128w, https:\/\/www.fcorvin.ch\/wp-content\/uploads\/2022\/03\/Central-Hotel-Restaurant-32x17.jpg 32w\" sizes=\"auto, (max-width: 1500px) 100vw, 1500px\" \/><\/a><\/td><td class=\"has-text-align-center\" data-align=\"center\"><strong>Hotel Restaurant Central<\/strong><\/td><td>Rue de Pierre-Pertuis 1<br>2710 Tavannes<br>032 481 28 55<\/td><\/tr><tr><td class=\"has-text-align-center\" data-align=\"center\"><a href=\"http:\/\/www.bnjpublicite.ch\/\" target=\"_blank\" rel=\"noreferrer noopener\"><img loading=\"lazy\" decoding=\"async\" width=\"1240\" height=\"1632\" class=\"wp-image-596\" style=\"width: 80px; vertical-align: middle;\" src=\"https:\/\/www.fcorvin.ch\/wp-content\/uploads\/2022\/03\/RJB_sport_A6.jpg\" alt=\"\" srcset=\"https:\/\/www.fcorvin.ch\/wp-content\/uploads\/2022\/03\/RJB_sport_A6.jpg 1240w, https:\/\/www.fcorvin.ch\/wp-content\/uploads\/2022\/03\/RJB_sport_A6-228x300.jpg 228w, https:\/\/www.fcorvin.ch\/wp-content\/uploads\/2022\/03\/RJB_sport_A6-778x1024.jpg 778w, https:\/\/www.fcorvin.ch\/wp-content\/uploads\/2022\/03\/RJB_sport_A6-768x1011.jpg 768w, https:\/\/www.fcorvin.ch\/wp-content\/uploads\/2022\/03\/RJB_sport_A6-1167x1536.jpg 1167w, https:\/\/www.fcorvin.ch\/wp-content\/uploads\/2022\/03\/RJB_sport_A6-97x128.jpg 97w, https:\/\/www.fcorvin.ch\/wp-content\/uploads\/2022\/03\/RJB_sport_A6-24x32.jpg 24w\" sizes=\"auto, (max-width: 1240px) 100vw, 1240px\" \/><\/a><\/td><td class=\"has-text-align-center\" data-align=\"center\"><strong>BNJ FM SA<\/strong><\/td><td>Chemin de l&rsquo;Orgerie 9<br>2710 Tavannes<br>032 482 60 30<\/td><\/tr><tr><td class=\"has-text-align-center\" data-align=\"center\"><a href=\"https:\/\/restaurant-schuetzenhaus-biel.ch\/fr\" target=\"_blank\" rel=\"noreferrer noopener\"><img loading=\"lazy\" decoding=\"async\" width=\"512\" height=\"512\" class=\"wp-image-350\" style=\"width: 70px; vertical-align: middle;\" src=\"https:\/\/www.fcorvin.ch\/wp-content\/uploads\/2022\/02\/externalicon-1.png\" alt=\"\" srcset=\"https:\/\/www.fcorvin.ch\/wp-content\/uploads\/2022\/02\/externalicon-1.png 512w, https:\/\/www.fcorvin.ch\/wp-content\/uploads\/2022\/02\/externalicon-1-300x300.png 300w, https:\/\/www.fcorvin.ch\/wp-content\/uploads\/2022\/02\/externalicon-1-150x150.png 150w, https:\/\/www.fcorvin.ch\/wp-content\/uploads\/2022\/02\/externalicon-1-128x128.png 128w, https:\/\/www.fcorvin.ch\/wp-content\/uploads\/2022\/02\/externalicon-1-32x32.png 32w\" sizes=\"auto, (max-width: 512px) 100vw, 512px\" \/><\/a><\/td><td class=\"has-text-align-center\" data-align=\"center\"><strong>Restaurant Sch\u00fctzenhaus Biel<\/strong><\/td><td>Chemin des Carabiniers 30<br>2504 Biel\/Bienne<br>032 361 10 00<\/td><\/tr><tr><td class=\"has-text-align-center\" data-align=\"center\"><a href=\"https:\/\/www.local.ch\/fr\/d\/plagne\/2536\/romontberg-mfiC5y5wJg2mWovI41KBQA\" target=\"_blank\" rel=\"noreferrer noopener\"><img loading=\"lazy\" decoding=\"async\" width=\"512\" height=\"512\" class=\"wp-image-350\" style=\"width: 70px; vertical-align: middle;\" src=\"https:\/\/www.fcorvin.ch\/wp-content\/uploads\/2022\/02\/externalicon-1.png\" alt=\"\" srcset=\"https:\/\/www.fcorvin.ch\/wp-content\/uploads\/2022\/02\/externalicon-1.png 512w, https:\/\/www.fcorvin.ch\/wp-content\/uploads\/2022\/02\/externalicon-1-300x300.png 300w, https:\/\/www.fcorvin.ch\/wp-content\/uploads\/2022\/02\/externalicon-1-150x150.png 150w, https:\/\/www.fcorvin.ch\/wp-content\/uploads\/2022\/02\/externalicon-1-128x128.png 128w, https:\/\/www.fcorvin.ch\/wp-content\/uploads\/2022\/02\/externalicon-1-32x32.png 32w\" sizes=\"auto, (max-width: 512px) 100vw, 512px\" \/><\/a><\/td><td class=\"has-text-align-center\" data-align=\"center\"><strong>Restaurant Romontberg<\/strong><\/td><td>Sur le Ch\u00e2ble 33<br>2536 Plagne<br>032 377 12 12<\/td><\/tr><tr><td class=\"has-text-align-center\" data-align=\"center\"><a href=\"https:\/\/www.facebook.com\/S%C3%A9verine-Salon-de-coiffure-193008868019828\/\" target=\"_blank\" rel=\"noreferrer noopener\"><img loading=\"lazy\" decoding=\"async\" width=\"999\" height=\"644\" class=\"wp-image-503\" style=\"width: 150px; vertical-align: middle;\" src=\"https:\/\/www.fcorvin.ch\/wp-content\/uploads\/2022\/03\/cv_severineflaig.jpg\" alt=\"\" srcset=\"https:\/\/www.fcorvin.ch\/wp-content\/uploads\/2022\/03\/cv_severineflaig.jpg 999w, https:\/\/www.fcorvin.ch\/wp-content\/uploads\/2022\/03\/cv_severineflaig-300x193.jpg 300w, https:\/\/www.fcorvin.ch\/wp-content\/uploads\/2022\/03\/cv_severineflaig-768x495.jpg 768w, https:\/\/www.fcorvin.ch\/wp-content\/uploads\/2022\/03\/cv_severineflaig-128x83.jpg 128w, https:\/\/www.fcorvin.ch\/wp-content\/uploads\/2022\/03\/cv_severineflaig-32x21.jpg 32w\" sizes=\"auto, (max-width: 999px) 100vw, 999px\" \/><\/a><\/td><td class=\"has-text-align-center\" data-align=\"center\"><strong>S\u00e9verine Salon de coiffure<\/strong><\/td><td>Longchamps 9<br>2534 Orvin<br>079 235 59 15<\/td><\/tr><tr><td class=\"has-text-align-center\" data-align=\"center\"><a href=\"https:\/\/www.eimcogc.ch\/\" target=\"_blank\" rel=\"noreferrer noopener\"><img loading=\"lazy\" decoding=\"async\" width=\"512\" height=\"512\" class=\"wp-image-350\" style=\"width: 70px; vertical-align: middle;\" src=\"https:\/\/www.fcorvin.ch\/wp-content\/uploads\/2022\/02\/externalicon-1.png\" alt=\"\" srcset=\"https:\/\/www.fcorvin.ch\/wp-content\/uploads\/2022\/02\/externalicon-1.png 512w, https:\/\/www.fcorvin.ch\/wp-content\/uploads\/2022\/02\/externalicon-1-300x300.png 300w, https:\/\/www.fcorvin.ch\/wp-content\/uploads\/2022\/02\/externalicon-1-150x150.png 150w, https:\/\/www.fcorvin.ch\/wp-content\/uploads\/2022\/02\/externalicon-1-128x128.png 128w, https:\/\/www.fcorvin.ch\/wp-content\/uploads\/2022\/02\/externalicon-1-32x32.png 32w\" sizes=\"auto, (max-width: 512px) 100vw, 512px\" \/><\/a><\/td><td class=\"has-text-align-center\" data-align=\"center\"><strong>EIMCO GC S\u00e0rl<\/strong><\/td><td>Rue du Moulin 23<br>2732 Reconvilier<br>032 481 47 09<\/td><\/tr><tr><td class=\"has-text-align-center\" data-align=\"center\"><a href=\"https:\/\/www.facebook.com\/grosjeanfreres\/\" target=\"_blank\" rel=\"noreferrer noopener\"><img loading=\"lazy\" decoding=\"async\" width=\"650\" height=\"945\" class=\"wp-image-542\" style=\"width: 70px; vertical-align: middle;\" src=\"https:\/\/www.fcorvin.ch\/wp-content\/uploads\/2022\/03\/Grosjean-Freres-Inserat-50-x-80-mm-Variante-2.jpg\" alt=\"\" srcset=\"https:\/\/www.fcorvin.ch\/wp-content\/uploads\/2022\/03\/Grosjean-Freres-Inserat-50-x-80-mm-Variante-2.jpg 650w, https:\/\/www.fcorvin.ch\/wp-content\/uploads\/2022\/03\/Grosjean-Freres-Inserat-50-x-80-mm-Variante-2-206x300.jpg 206w, https:\/\/www.fcorvin.ch\/wp-content\/uploads\/2022\/03\/Grosjean-Freres-Inserat-50-x-80-mm-Variante-2-88x128.jpg 88w, https:\/\/www.fcorvin.ch\/wp-content\/uploads\/2022\/03\/Grosjean-Freres-Inserat-50-x-80-mm-Variante-2-22x32.jpg 22w\" sizes=\"auto, (max-width: 650px) 100vw, 650px\" \/><\/a><\/td><td class=\"has-text-align-center\" data-align=\"center\"><strong>Grosjean Fr\u00e8res S\u00e0rl<\/strong><\/td><td>Le Coin 21<br>2534 Orvin<br>032 358 12 37<\/td><\/tr><tr><td class=\"has-text-align-center\" data-align=\"center\"><a href=\"https:\/\/menuiserie-dedonnostyle.business.site\/\" target=\"_blank\" rel=\"noreferrer noopener\"><img loading=\"lazy\" decoding=\"async\" width=\"512\" height=\"512\" class=\"wp-image-350\" style=\"width: 70px; vertical-align: middle;\" src=\"https:\/\/www.fcorvin.ch\/wp-content\/uploads\/2022\/02\/externalicon-1.png\" alt=\"\" srcset=\"https:\/\/www.fcorvin.ch\/wp-content\/uploads\/2022\/02\/externalicon-1.png 512w, https:\/\/www.fcorvin.ch\/wp-content\/uploads\/2022\/02\/externalicon-1-300x300.png 300w, https:\/\/www.fcorvin.ch\/wp-content\/uploads\/2022\/02\/externalicon-1-150x150.png 150w, https:\/\/www.fcorvin.ch\/wp-content\/uploads\/2022\/02\/externalicon-1-128x128.png 128w, https:\/\/www.fcorvin.ch\/wp-content\/uploads\/2022\/02\/externalicon-1-32x32.png 32w\" sizes=\"auto, (max-width: 512px) 100vw, 512px\" \/><\/a><\/td><td class=\"has-text-align-center\" data-align=\"center\"><strong>De Donno Style S\u00e0rl<\/strong><\/td><td>Route de Soleure 154<br>2504 Biel\/Bienne<br>&nbsp;079 954 99 36<\/td><\/tr><tr><td class=\"has-text-align-center\" data-align=\"center\"><a href=\"https:\/\/www.local.ch\/fr\/d\/orvin\/2534\/chauffeur-service\/minibus-tours-sarl-qJYo_5pcO6lf9-AxPUIVig\" target=\"_blank\" rel=\"noreferrer noopener\"><img loading=\"lazy\" decoding=\"async\" width=\"2670\" height=\"1770\" class=\"wp-image-543\" style=\"width: 150px; vertical-align: middle;\" src=\"https:\/\/www.fcorvin.ch\/wp-content\/uploads\/2022\/03\/MiniBus-Tour.png\" alt=\"\" srcset=\"https:\/\/www.fcorvin.ch\/wp-content\/uploads\/2022\/03\/MiniBus-Tour.png 2670w, https:\/\/www.fcorvin.ch\/wp-content\/uploads\/2022\/03\/MiniBus-Tour-300x199.png 300w, https:\/\/www.fcorvin.ch\/wp-content\/uploads\/2022\/03\/MiniBus-Tour-1024x679.png 1024w, https:\/\/www.fcorvin.ch\/wp-content\/uploads\/2022\/03\/MiniBus-Tour-768x509.png 768w, https:\/\/www.fcorvin.ch\/wp-content\/uploads\/2022\/03\/MiniBus-Tour-1536x1018.png 1536w, https:\/\/www.fcorvin.ch\/wp-content\/uploads\/2022\/03\/MiniBus-Tour-2048x1358.png 2048w, https:\/\/www.fcorvin.ch\/wp-content\/uploads\/2022\/03\/MiniBus-Tour-128x85.png 128w, https:\/\/www.fcorvin.ch\/wp-content\/uploads\/2022\/03\/MiniBus-Tour-32x21.png 32w\" sizes=\"auto, (max-width: 2670px) 100vw, 2670px\" \/><\/a><\/td><td class=\"has-text-align-center\" data-align=\"center\"><strong>MiniBus Tours S\u00e0rl<\/strong><\/td><td>Derri\u00e8re l&rsquo;Ecole 1<br>2534 Orvin<br>079 751 20 20<\/td><\/tr><tr><td class=\"has-text-align-center\" data-align=\"center\"><a href=\"https:\/\/www.local.ch\/fr\/d\/lignieres\/2523\/fiduciaire-marchand-3BdFPnwp6rgBvXSS1kBprQ\" target=\"_blank\" rel=\"noreferrer noopener\"><img loading=\"lazy\" decoding=\"async\" width=\"329\" height=\"500\" class=\"wp-image-544\" style=\"width: 70px; vertical-align: middle;\" src=\"https:\/\/www.fcorvin.ch\/wp-content\/uploads\/2022\/03\/Marchand-fiduciaire.jpg\" alt=\"\" srcset=\"https:\/\/www.fcorvin.ch\/wp-content\/uploads\/2022\/03\/Marchand-fiduciaire.jpg 329w, https:\/\/www.fcorvin.ch\/wp-content\/uploads\/2022\/03\/Marchand-fiduciaire-197x300.jpg 197w, https:\/\/www.fcorvin.ch\/wp-content\/uploads\/2022\/03\/Marchand-fiduciaire-84x128.jpg 84w, https:\/\/www.fcorvin.ch\/wp-content\/uploads\/2022\/03\/Marchand-fiduciaire-21x32.jpg 21w\" sizes=\"auto, (max-width: 329px) 100vw, 329px\" \/><\/a><\/td><td class=\"has-text-align-center\" data-align=\"center\"><strong>Fiduciaire Marchand<\/strong><\/td><td>Rue de Montilier 8<br>2523 Ligni\u00e8res<br>079 690 47 10<\/td><\/tr><tr><td class=\"has-text-align-center\" data-align=\"center\"><a href=\"https:\/\/www.facebook.com\/CoiffureDansLHairDuTemps\/\" target=\"_blank\" rel=\"noreferrer noopener\"><img loading=\"lazy\" decoding=\"async\" width=\"955\" height=\"633\" class=\"wp-image-592\" style=\"width: 150px; vertical-align: middle;\" src=\"https:\/\/www.fcorvin.ch\/wp-content\/uploads\/2022\/03\/Audrey-Matthey-Coiffure.jpg\" alt=\"\" srcset=\"https:\/\/www.fcorvin.ch\/wp-content\/uploads\/2022\/03\/Audrey-Matthey-Coiffure.jpg 955w, https:\/\/www.fcorvin.ch\/wp-content\/uploads\/2022\/03\/Audrey-Matthey-Coiffure-300x199.jpg 300w, https:\/\/www.fcorvin.ch\/wp-content\/uploads\/2022\/03\/Audrey-Matthey-Coiffure-768x509.jpg 768w, https:\/\/www.fcorvin.ch\/wp-content\/uploads\/2022\/03\/Audrey-Matthey-Coiffure-128x85.jpg 128w, https:\/\/www.fcorvin.ch\/wp-content\/uploads\/2022\/03\/Audrey-Matthey-Coiffure-32x21.jpg 32w\" sizes=\"auto, (max-width: 955px) 100vw, 955px\" \/><\/a><\/td><td class=\"has-text-align-center\" data-align=\"center\"><strong>Coiffure dans l&rsquo;Hair du Temps &amp; Barber Shop<\/strong><\/td><td>Grand-Rue 17<br>2606 Corg\u00e9mont<br>032 489 19 71<\/td><\/tr><tr><td class=\"has-text-align-center\" data-align=\"center\"><a href=\"https:\/\/www.fenster-tec.com\/\" target=\"_blank\" rel=\"noreferrer noopener\"><img loading=\"lazy\" decoding=\"async\" width=\"1051\" height=\"2315\" class=\"wp-image-545\" style=\"width: 70px; vertical-align: middle;\" src=\"https:\/\/www.fcorvin.ch\/wp-content\/uploads\/2022\/03\/Fenstertec.jpg\" alt=\"\" srcset=\"https:\/\/www.fcorvin.ch\/wp-content\/uploads\/2022\/03\/Fenstertec.jpg 1051w, https:\/\/www.fcorvin.ch\/wp-content\/uploads\/2022\/03\/Fenstertec-136x300.jpg 136w, https:\/\/www.fcorvin.ch\/wp-content\/uploads\/2022\/03\/Fenstertec-465x1024.jpg 465w, https:\/\/www.fcorvin.ch\/wp-content\/uploads\/2022\/03\/Fenstertec-768x1692.jpg 768w, https:\/\/www.fcorvin.ch\/wp-content\/uploads\/2022\/03\/Fenstertec-697x1536.jpg 697w, https:\/\/www.fcorvin.ch\/wp-content\/uploads\/2022\/03\/Fenstertec-930x2048.jpg 930w, https:\/\/www.fcorvin.ch\/wp-content\/uploads\/2022\/03\/Fenstertec-58x128.jpg 58w, https:\/\/www.fcorvin.ch\/wp-content\/uploads\/2022\/03\/Fenstertec-15x32.jpg 15w\" sizes=\"auto, (max-width: 1051px) 100vw, 1051px\" \/><\/a><\/td><td class=\"has-text-align-center\" data-align=\"center\"><strong>Fenster-Tec GmbH<\/strong><\/td><td>Rue Pierre-Pertuis 15<br>2605 Sonceboz-Sombeval<br>032 341 93 34<br>076 513 47 00<\/td><\/tr><tr><td class=\"has-text-align-center\" data-align=\"center\"><a href=\"https:\/\/www.local.ch\/fr\/d\/lignieres\/2523\/le-jim-paysagiste-sIXjfzT9HHL-K30LjFuf1Q\" target=\"_blank\" rel=\"noreferrer noopener\"><img loading=\"lazy\" decoding=\"async\" width=\"1382\" height=\"843\" class=\"wp-image-546\" style=\"width: 160px; vertical-align: middle;\" src=\"https:\/\/www.fcorvin.ch\/wp-content\/uploads\/2022\/03\/le-jim-paysagiste.jpg\" alt=\"\" srcset=\"https:\/\/www.fcorvin.ch\/wp-content\/uploads\/2022\/03\/le-jim-paysagiste.jpg 1382w, https:\/\/www.fcorvin.ch\/wp-content\/uploads\/2022\/03\/le-jim-paysagiste-300x183.jpg 300w, https:\/\/www.fcorvin.ch\/wp-content\/uploads\/2022\/03\/le-jim-paysagiste-1024x625.jpg 1024w, https:\/\/www.fcorvin.ch\/wp-content\/uploads\/2022\/03\/le-jim-paysagiste-768x468.jpg 768w, https:\/\/www.fcorvin.ch\/wp-content\/uploads\/2022\/03\/le-jim-paysagiste-128x78.jpg 128w, https:\/\/www.fcorvin.ch\/wp-content\/uploads\/2022\/03\/le-jim-paysagiste-32x20.jpg 32w\" sizes=\"auto, (max-width: 1382px) 100vw, 1382px\" \/><\/a><\/td><td class=\"has-text-align-center\" data-align=\"center\"><strong>Le Jim Paysagiste<\/strong><\/td><td>Chemin des Alises 4<br>2523 Ligni\u00e8res<br>078 803 77 09<\/td><\/tr><tr><td class=\"has-text-align-center\" data-align=\"center\"><a href=\"https:\/\/www.facebook.com\/M%C3%A9tairie-de-Dombresson-101383608244179\/\" target=\"_blank\" rel=\"noreferrer noopener\"><img loading=\"lazy\" decoding=\"async\" width=\"485\" height=\"307\" class=\"wp-image-547\" style=\"width: 160px; vertical-align: middle;\" src=\"https:\/\/www.fcorvin.ch\/wp-content\/uploads\/2022\/03\/Metairie-Dombresson.jpg\" alt=\"\" srcset=\"https:\/\/www.fcorvin.ch\/wp-content\/uploads\/2022\/03\/Metairie-Dombresson.jpg 485w, https:\/\/www.fcorvin.ch\/wp-content\/uploads\/2022\/03\/Metairie-Dombresson-300x190.jpg 300w, https:\/\/www.fcorvin.ch\/wp-content\/uploads\/2022\/03\/Metairie-Dombresson-128x81.jpg 128w, https:\/\/www.fcorvin.ch\/wp-content\/uploads\/2022\/03\/Metairie-Dombresson-32x20.jpg 32w\" sizes=\"auto, (max-width: 485px) 100vw, 485px\" \/><\/a><\/td><td class=\"has-text-align-center\" data-align=\"center\"><strong>M\u00e9tairie de Dombresson<\/strong><\/td><td>La Joux-du-Pl\u00e2ne 7<br>2058 Le P\u00e2quier<br>032 751 20 10<\/td><\/tr><tr><td class=\"has-text-align-center\" data-align=\"center\"><a href=\"https:\/\/www.local.ch\/fr\/d\/orvin\/2534\/petit-offset-8-N6tw6GwkMfkge4MqfxxQ\" target=\"_blank\" rel=\"noreferrer noopener\"><img loading=\"lazy\" decoding=\"async\" width=\"1756\" height=\"1244\" class=\"wp-image-548\" style=\"width: 150px; vertical-align: middle;\" src=\"https:\/\/www.fcorvin.ch\/wp-content\/uploads\/2022\/03\/Imprimerie-Bitterli.jpg\" alt=\"\" srcset=\"https:\/\/www.fcorvin.ch\/wp-content\/uploads\/2022\/03\/Imprimerie-Bitterli.jpg 1756w, https:\/\/www.fcorvin.ch\/wp-content\/uploads\/2022\/03\/Imprimerie-Bitterli-300x213.jpg 300w, https:\/\/www.fcorvin.ch\/wp-content\/uploads\/2022\/03\/Imprimerie-Bitterli-1024x725.jpg 1024w, https:\/\/www.fcorvin.ch\/wp-content\/uploads\/2022\/03\/Imprimerie-Bitterli-768x544.jpg 768w, https:\/\/www.fcorvin.ch\/wp-content\/uploads\/2022\/03\/Imprimerie-Bitterli-1536x1088.jpg 1536w, https:\/\/www.fcorvin.ch\/wp-content\/uploads\/2022\/03\/Imprimerie-Bitterli-128x91.jpg 128w, https:\/\/www.fcorvin.ch\/wp-content\/uploads\/2022\/03\/Imprimerie-Bitterli-32x23.jpg 32w\" sizes=\"auto, (max-width: 1756px) 100vw, 1756px\" \/><\/a><\/td><td class=\"has-text-align-center\" data-align=\"center\"><strong>Petit-Offset Bitterli<\/strong><\/td><td>L&rsquo;Eaubelle 13<br>2534 Orvin<br>032 358 16 68<\/td><\/tr><tr><td class=\"has-text-align-center\" data-align=\"center\"><a href=\"https:\/\/cakes-da-gil.business.site\/\" target=\"_blank\" rel=\"noreferrer noopener\"><img loading=\"lazy\" decoding=\"async\" width=\"2560\" height=\"1637\" class=\"wp-image-549\" style=\"width: 150px; vertical-align: middle;\" src=\"https:\/\/www.fcorvin.ch\/wp-content\/uploads\/2022\/03\/Affiche-Cakes-da-Gil-macarons-Nods-scaled.jpg\" alt=\"\" srcset=\"https:\/\/www.fcorvin.ch\/wp-content\/uploads\/2022\/03\/Affiche-Cakes-da-Gil-macarons-Nods-scaled.jpg 2560w, https:\/\/www.fcorvin.ch\/wp-content\/uploads\/2022\/03\/Affiche-Cakes-da-Gil-macarons-Nods-300x192.jpg 300w, https:\/\/www.fcorvin.ch\/wp-content\/uploads\/2022\/03\/Affiche-Cakes-da-Gil-macarons-Nods-1024x655.jpg 1024w, https:\/\/www.fcorvin.ch\/wp-content\/uploads\/2022\/03\/Affiche-Cakes-da-Gil-macarons-Nods-768x491.jpg 768w, https:\/\/www.fcorvin.ch\/wp-content\/uploads\/2022\/03\/Affiche-Cakes-da-Gil-macarons-Nods-1536x982.jpg 1536w, https:\/\/www.fcorvin.ch\/wp-content\/uploads\/2022\/03\/Affiche-Cakes-da-Gil-macarons-Nods-2048x1310.jpg 2048w, https:\/\/www.fcorvin.ch\/wp-content\/uploads\/2022\/03\/Affiche-Cakes-da-Gil-macarons-Nods-128x82.jpg 128w, https:\/\/www.fcorvin.ch\/wp-content\/uploads\/2022\/03\/Affiche-Cakes-da-Gil-macarons-Nods-32x20.jpg 32w\" sizes=\"auto, (max-width: 2560px) 100vw, 2560px\" \/><\/a><\/td><td class=\"has-text-align-center\" data-align=\"center\"><strong>Fabrication de g\u00e2teaux et de macarons &#8211;&nbsp; Cakes da Gil<\/strong><\/td><td>Aux Oies 4<br>2518 Nods<br>079 231 05 37<\/td><\/tr><tr><td class=\"has-text-align-center\" data-align=\"center\"><a href=\"https:\/\/www.residence-les-roches.ch\/\" target=\"_blank\" rel=\"noreferrer noopener\"><img loading=\"lazy\" decoding=\"async\" width=\"512\" height=\"512\" class=\"wp-image-350\" style=\"width: 70px; vertical-align: middle;\" src=\"https:\/\/www.fcorvin.ch\/wp-content\/uploads\/2022\/02\/externalicon-1.png\" alt=\"\" srcset=\"https:\/\/www.fcorvin.ch\/wp-content\/uploads\/2022\/02\/externalicon-1.png 512w, https:\/\/www.fcorvin.ch\/wp-content\/uploads\/2022\/02\/externalicon-1-300x300.png 300w, https:\/\/www.fcorvin.ch\/wp-content\/uploads\/2022\/02\/externalicon-1-150x150.png 150w, https:\/\/www.fcorvin.ch\/wp-content\/uploads\/2022\/02\/externalicon-1-128x128.png 128w, https:\/\/www.fcorvin.ch\/wp-content\/uploads\/2022\/02\/externalicon-1-32x32.png 32w\" sizes=\"auto, (max-width: 512px) 100vw, 512px\" \/><\/a><\/td><td class=\"has-text-align-center\" data-align=\"center\"><strong>R\u00e9sidence m\u00e9dico-sociale pour personnes \u00e2g\u00e9es Les Roches<\/strong><\/td><td>Les Oeuches 26<br>2534 Orvin<br>032 358 09 50<\/td><\/tr><tr><td class=\"has-text-align-center\" data-align=\"center\"><a href=\"https:\/\/www.bdf-energies.ch\/\" target=\"_blank\" rel=\"noreferrer noopener\"><img loading=\"lazy\" decoding=\"async\" width=\"512\" height=\"512\" class=\"wp-image-350\" style=\"width: 70px; vertical-align: middle;\" src=\"https:\/\/www.fcorvin.ch\/wp-content\/uploads\/2022\/02\/externalicon-1.png\" alt=\"\" srcset=\"https:\/\/www.fcorvin.ch\/wp-content\/uploads\/2022\/02\/externalicon-1.png 512w, https:\/\/www.fcorvin.ch\/wp-content\/uploads\/2022\/02\/externalicon-1-300x300.png 300w, https:\/\/www.fcorvin.ch\/wp-content\/uploads\/2022\/02\/externalicon-1-150x150.png 150w, https:\/\/www.fcorvin.ch\/wp-content\/uploads\/2022\/02\/externalicon-1-128x128.png 128w, https:\/\/www.fcorvin.ch\/wp-content\/uploads\/2022\/02\/externalicon-1-32x32.png 32w\" sizes=\"auto, (max-width: 512px) 100vw, 512px\" \/><\/a><\/td><td class=\"has-text-align-center\" data-align=\"center\"><strong>BDF Energies<\/strong><\/td><td>Sur la Roche 3<br>2515 Pr\u00eales<br>032 315 72 72<br>079 691 60 27<\/td><\/tr><tr><td class=\"has-text-align-center\" data-align=\"center\"><a href=\"https:\/\/www.facebook.com\/Zeka-peinture-168383336571603\/\" target=\"_blank\" rel=\"noreferrer noopener\"><img loading=\"lazy\" decoding=\"async\" width=\"1004\" height=\"634\" class=\"wp-image-550\" style=\"width: 150px; vertical-align: middle;\" src=\"https:\/\/www.fcorvin.ch\/wp-content\/uploads\/2022\/03\/Zeka-Peinture-1-new-logo.jpg\" alt=\"\" srcset=\"https:\/\/www.fcorvin.ch\/wp-content\/uploads\/2022\/03\/Zeka-Peinture-1-new-logo.jpg 1004w, https:\/\/www.fcorvin.ch\/wp-content\/uploads\/2022\/03\/Zeka-Peinture-1-new-logo-300x189.jpg 300w, https:\/\/www.fcorvin.ch\/wp-content\/uploads\/2022\/03\/Zeka-Peinture-1-new-logo-768x485.jpg 768w, https:\/\/www.fcorvin.ch\/wp-content\/uploads\/2022\/03\/Zeka-Peinture-1-new-logo-128x81.jpg 128w, https:\/\/www.fcorvin.ch\/wp-content\/uploads\/2022\/03\/Zeka-Peinture-1-new-logo-32x20.jpg 32w\" sizes=\"auto, (max-width: 1004px) 100vw, 1004px\" \/><\/a><\/td><td class=\"has-text-align-center\" data-align=\"center\"><strong>Zeka Peinture<\/strong><\/td><td>Les Verennes 6<br>2607 Cort\u00e9bert<br>078 913 37 20<\/td><\/tr><tr><td class=\"has-text-align-center\" data-align=\"center\"><a href=\"http:\/\/www.jobert.ch\/\" target=\"_blank\" rel=\"noreferrer noopener\"><img loading=\"lazy\" decoding=\"async\" width=\"2560\" height=\"1280\" class=\"wp-image-551\" style=\"width: 160px; vertical-align: middle;\" src=\"https:\/\/www.fcorvin.ch\/wp-content\/uploads\/2022\/03\/JOBERT-scaled.jpg\" alt=\"\" srcset=\"https:\/\/www.fcorvin.ch\/wp-content\/uploads\/2022\/03\/JOBERT-scaled.jpg 2560w, https:\/\/www.fcorvin.ch\/wp-content\/uploads\/2022\/03\/JOBERT-300x150.jpg 300w, https:\/\/www.fcorvin.ch\/wp-content\/uploads\/2022\/03\/JOBERT-1024x512.jpg 1024w, https:\/\/www.fcorvin.ch\/wp-content\/uploads\/2022\/03\/JOBERT-768x384.jpg 768w, https:\/\/www.fcorvin.ch\/wp-content\/uploads\/2022\/03\/JOBERT-1536x768.jpg 1536w, https:\/\/www.fcorvin.ch\/wp-content\/uploads\/2022\/03\/JOBERT-2048x1024.jpg 2048w, https:\/\/www.fcorvin.ch\/wp-content\/uploads\/2022\/03\/JOBERT-128x64.jpg 128w, https:\/\/www.fcorvin.ch\/wp-content\/uploads\/2022\/03\/JOBERT-32x16.jpg 32w\" sizes=\"auto, (max-width: 2560px) 100vw, 2560px\" \/><\/a><\/td><td class=\"has-text-align-center\" data-align=\"center\"><strong>M\u00e9tairie Jobert<\/strong><\/td><td>2534 Les Pr\u00e9s-d&rsquo;Orvin<br>032 489 19 12<\/td><\/tr><tr><td class=\"has-text-align-center\" data-align=\"center\"><a href=\"https:\/\/www.proconcept.ch\/fr\" target=\"_blank\" rel=\"noreferrer noopener\"><img loading=\"lazy\" decoding=\"async\" width=\"5913\" height=\"1497\" class=\"wp-image-552\" style=\"width: 200px; vertical-align: middle;\" src=\"https:\/\/www.fcorvin.ch\/wp-content\/uploads\/2022\/03\/ProConcept-color_CMKY-1.png\" alt=\"\" srcset=\"https:\/\/www.fcorvin.ch\/wp-content\/uploads\/2022\/03\/ProConcept-color_CMKY-1.png 5913w, https:\/\/www.fcorvin.ch\/wp-content\/uploads\/2022\/03\/ProConcept-color_CMKY-1-300x76.png 300w, https:\/\/www.fcorvin.ch\/wp-content\/uploads\/2022\/03\/ProConcept-color_CMKY-1-1024x259.png 1024w, https:\/\/www.fcorvin.ch\/wp-content\/uploads\/2022\/03\/ProConcept-color_CMKY-1-768x194.png 768w, https:\/\/www.fcorvin.ch\/wp-content\/uploads\/2022\/03\/ProConcept-color_CMKY-1-1536x389.png 1536w, https:\/\/www.fcorvin.ch\/wp-content\/uploads\/2022\/03\/ProConcept-color_CMKY-1-2048x518.png 2048w, https:\/\/www.fcorvin.ch\/wp-content\/uploads\/2022\/03\/ProConcept-color_CMKY-1-128x32.png 128w, https:\/\/www.fcorvin.ch\/wp-content\/uploads\/2022\/03\/ProConcept-color_CMKY-1-32x8.png 32w\" sizes=\"auto, (max-width: 5913px) 100vw, 5913px\" \/><\/a><\/td><td class=\"has-text-align-center\" data-align=\"center\"><strong>ProConcept SA<\/strong><\/td><td>Le V\u00e9l\u00e9 2<br>2605 Sonceboz-Sombeval<br>058 855 68 68<\/td><\/tr><tr><td class=\"has-text-align-center\" data-align=\"center\"><a href=\"https:\/\/www.instagram.com\/scierie_rossel\/\" target=\"_blank\" rel=\"noreferrer noopener\"><img loading=\"lazy\" decoding=\"async\" width=\"2560\" height=\"1558\" class=\"wp-image-553\" style=\"width: 150px; vertical-align: middle;\" src=\"https:\/\/www.fcorvin.ch\/wp-content\/uploads\/2022\/03\/Rossel-Sarl-small.png-14.2.21-scaled.jpg\" alt=\"\" srcset=\"https:\/\/www.fcorvin.ch\/wp-content\/uploads\/2022\/03\/Rossel-Sarl-small.png-14.2.21-scaled.jpg 2560w, https:\/\/www.fcorvin.ch\/wp-content\/uploads\/2022\/03\/Rossel-Sarl-small.png-14.2.21-300x183.jpg 300w, https:\/\/www.fcorvin.ch\/wp-content\/uploads\/2022\/03\/Rossel-Sarl-small.png-14.2.21-1024x623.jpg 1024w, https:\/\/www.fcorvin.ch\/wp-content\/uploads\/2022\/03\/Rossel-Sarl-small.png-14.2.21-768x468.jpg 768w, https:\/\/www.fcorvin.ch\/wp-content\/uploads\/2022\/03\/Rossel-Sarl-small.png-14.2.21-1536x935.jpg 1536w, https:\/\/www.fcorvin.ch\/wp-content\/uploads\/2022\/03\/Rossel-Sarl-small.png-14.2.21-2048x1247.jpg 2048w, https:\/\/www.fcorvin.ch\/wp-content\/uploads\/2022\/03\/Rossel-Sarl-small.png-14.2.21-128x78.jpg 128w, https:\/\/www.fcorvin.ch\/wp-content\/uploads\/2022\/03\/Rossel-Sarl-small.png-14.2.21-32x19.jpg 32w\" sizes=\"auto, (max-width: 2560px) 100vw, 2560px\" \/><\/a><\/td><td class=\"has-text-align-center\" data-align=\"center\"><strong>Scierie Rossel S\u00e0rl<\/strong><\/td><td>Route de Pr\u00eales 18<br>2516 Lamboing<br>079 667 75 16<\/td><\/tr><tr><td class=\"has-text-align-center\" data-align=\"center\"><a href=\"https:\/\/jdbotteronsa.ch\/\" target=\"_blank\" rel=\"noreferrer noopener\"><img loading=\"lazy\" decoding=\"async\" width=\"2560\" height=\"513\" class=\"wp-image-555\" style=\"width: 200px; vertical-align: middle;\" src=\"https:\/\/www.fcorvin.ch\/wp-content\/uploads\/2022\/03\/JD-Botteron-vectoriel-avec-texte-scaled.jpg\" alt=\"\" srcset=\"https:\/\/www.fcorvin.ch\/wp-content\/uploads\/2022\/03\/JD-Botteron-vectoriel-avec-texte-scaled.jpg 2560w, https:\/\/www.fcorvin.ch\/wp-content\/uploads\/2022\/03\/JD-Botteron-vectoriel-avec-texte-300x60.jpg 300w, https:\/\/www.fcorvin.ch\/wp-content\/uploads\/2022\/03\/JD-Botteron-vectoriel-avec-texte-1024x205.jpg 1024w, https:\/\/www.fcorvin.ch\/wp-content\/uploads\/2022\/03\/JD-Botteron-vectoriel-avec-texte-768x154.jpg 768w, https:\/\/www.fcorvin.ch\/wp-content\/uploads\/2022\/03\/JD-Botteron-vectoriel-avec-texte-1536x308.jpg 1536w, https:\/\/www.fcorvin.ch\/wp-content\/uploads\/2022\/03\/JD-Botteron-vectoriel-avec-texte-2048x410.jpg 2048w, https:\/\/www.fcorvin.ch\/wp-content\/uploads\/2022\/03\/JD-Botteron-vectoriel-avec-texte-128x26.jpg 128w, https:\/\/www.fcorvin.ch\/wp-content\/uploads\/2022\/03\/JD-Botteron-vectoriel-avec-texte-32x6.jpg 32w\" sizes=\"auto, (max-width: 2560px) 100vw, 2560px\" \/><\/a><\/td><td class=\"has-text-align-center\" data-align=\"center\"><strong>J.-D. Botteron SA,&nbsp; M\u00e9canique de pr\u00e9cision<\/strong><\/td><td>Route de Ligni\u00e8res 23<br>2518 Nods<br>032 751 16 68<\/td><\/tr><tr><td class=\"has-text-align-center\" data-align=\"center\"><a href=\"https:\/\/www.local.ch\/fr\/d\/busswil-be\/3292\/peinture-en-carrosserie\/jb-carrosserie-sarl-vnBtHj4IIGIttUAUtOcWVA\" target=\"_blank\" rel=\"noreferrer noopener\"><img loading=\"lazy\" decoding=\"async\" width=\"512\" height=\"512\" class=\"wp-image-350\" style=\"width: 70px; vertical-align: middle;\" src=\"https:\/\/www.fcorvin.ch\/wp-content\/uploads\/2022\/02\/externalicon-1.png\" alt=\"\" srcset=\"https:\/\/www.fcorvin.ch\/wp-content\/uploads\/2022\/02\/externalicon-1.png 512w, https:\/\/www.fcorvin.ch\/wp-content\/uploads\/2022\/02\/externalicon-1-300x300.png 300w, https:\/\/www.fcorvin.ch\/wp-content\/uploads\/2022\/02\/externalicon-1-150x150.png 150w, https:\/\/www.fcorvin.ch\/wp-content\/uploads\/2022\/02\/externalicon-1-128x128.png 128w, https:\/\/www.fcorvin.ch\/wp-content\/uploads\/2022\/02\/externalicon-1-32x32.png 32w\" sizes=\"auto, (max-width: 512px) 100vw, 512px\" \/><\/a><\/td><td class=\"has-text-align-center\" data-align=\"center\"><strong>JB Carrosserie<\/strong><\/td><td>Worbenstrasse 7<br>3292 Busswil<br>077 510 51 58<\/td><\/tr><tr><td class=\"has-text-align-center\" data-align=\"center\"><a href=\"http:\/\/www.solesol.ch\/solesol\/index.php?lang=fr\" target=\"_blank\" rel=\"noreferrer noopener\"><img loading=\"lazy\" decoding=\"async\" width=\"1016\" height=\"390\" class=\"wp-image-613\" style=\"width: 150px; vertical-align: middle;\" src=\"https:\/\/www.fcorvin.ch\/wp-content\/uploads\/2022\/03\/SoleSol_Sarl-2.jpg\" alt=\"\" srcset=\"https:\/\/www.fcorvin.ch\/wp-content\/uploads\/2022\/03\/SoleSol_Sarl-2.jpg 1016w, https:\/\/www.fcorvin.ch\/wp-content\/uploads\/2022\/03\/SoleSol_Sarl-2-300x115.jpg 300w, https:\/\/www.fcorvin.ch\/wp-content\/uploads\/2022\/03\/SoleSol_Sarl-2-768x295.jpg 768w, https:\/\/www.fcorvin.ch\/wp-content\/uploads\/2022\/03\/SoleSol_Sarl-2-128x49.jpg 128w, https:\/\/www.fcorvin.ch\/wp-content\/uploads\/2022\/03\/SoleSol_Sarl-2-32x12.jpg 32w\" sizes=\"auto, (max-width: 1016px) 100vw, 1016px\" \/><\/a><\/td><td class=\"has-text-align-center\" data-align=\"center\"><strong>SoleSol S\u00e0rl<\/strong><\/td><td>La Marchande 18A<br>2534 Orvin<br>079 964 37 40<\/td><\/tr><tr><td class=\"has-text-align-center\" data-align=\"center\"><a href=\"http:\/\/reparex.ch\/\" target=\"_blank\" rel=\"noreferrer noopener\"><img loading=\"lazy\" decoding=\"async\" width=\"2560\" height=\"656\" class=\"wp-image-556\" style=\"width: 200px; vertical-align: middle;\" src=\"https:\/\/www.fcorvin.ch\/wp-content\/uploads\/2022\/03\/reparex-scaled.jpg\" alt=\"\" srcset=\"https:\/\/www.fcorvin.ch\/wp-content\/uploads\/2022\/03\/reparex-scaled.jpg 2560w, https:\/\/www.fcorvin.ch\/wp-content\/uploads\/2022\/03\/reparex-300x77.jpg 300w, https:\/\/www.fcorvin.ch\/wp-content\/uploads\/2022\/03\/reparex-1024x262.jpg 1024w, https:\/\/www.fcorvin.ch\/wp-content\/uploads\/2022\/03\/reparex-768x197.jpg 768w, https:\/\/www.fcorvin.ch\/wp-content\/uploads\/2022\/03\/reparex-1536x394.jpg 1536w, https:\/\/www.fcorvin.ch\/wp-content\/uploads\/2022\/03\/reparex-2048x525.jpg 2048w, https:\/\/www.fcorvin.ch\/wp-content\/uploads\/2022\/03\/reparex-128x33.jpg 128w, https:\/\/www.fcorvin.ch\/wp-content\/uploads\/2022\/03\/reparex-32x8.jpg 32w\" sizes=\"auto, (max-width: 2560px) 100vw, 2560px\" \/><\/a><\/td><td class=\"has-text-align-center\" data-align=\"center\"><strong>Garage Reparex SA<\/strong><\/td><td>Route de Pr\u00eales 13<br>2516 Lamboing<br>032 315 13 67<br>079 632 22 33<\/td><\/tr><tr><td class=\"has-text-align-center\" data-align=\"center\"><a href=\"https:\/\/www.viandes-et-plus.ch\/\" target=\"_blank\" rel=\"noreferrer noopener\"><img loading=\"lazy\" decoding=\"async\" width=\"2560\" height=\"1440\" class=\"wp-image-557\" style=\"width: 150px; vertical-align: middle;\" src=\"https:\/\/www.fcorvin.ch\/wp-content\/uploads\/2022\/03\/Viandes-et-plus_slide_cine_4k-scaled.jpg\" alt=\"\" srcset=\"https:\/\/www.fcorvin.ch\/wp-content\/uploads\/2022\/03\/Viandes-et-plus_slide_cine_4k-scaled.jpg 2560w, https:\/\/www.fcorvin.ch\/wp-content\/uploads\/2022\/03\/Viandes-et-plus_slide_cine_4k-300x169.jpg 300w, https:\/\/www.fcorvin.ch\/wp-content\/uploads\/2022\/03\/Viandes-et-plus_slide_cine_4k-1024x576.jpg 1024w, https:\/\/www.fcorvin.ch\/wp-content\/uploads\/2022\/03\/Viandes-et-plus_slide_cine_4k-768x432.jpg 768w, https:\/\/www.fcorvin.ch\/wp-content\/uploads\/2022\/03\/Viandes-et-plus_slide_cine_4k-1536x864.jpg 1536w, https:\/\/www.fcorvin.ch\/wp-content\/uploads\/2022\/03\/Viandes-et-plus_slide_cine_4k-2048x1152.jpg 2048w, https:\/\/www.fcorvin.ch\/wp-content\/uploads\/2022\/03\/Viandes-et-plus_slide_cine_4k-128x72.jpg 128w, https:\/\/www.fcorvin.ch\/wp-content\/uploads\/2022\/03\/Viandes-et-plus_slide_cine_4k-32x18.jpg 32w\" sizes=\"auto, (max-width: 2560px) 100vw, 2560px\" \/><\/a><\/td><td class=\"has-text-align-center\" data-align=\"center\"><strong>Viandes et plus &#8211;&nbsp; Famille Niederh\u00e4user<\/strong><\/td><td>Route Principale 50<br>2533 Evilard<br>032 322 67 07<\/td><\/tr><tr><td class=\"has-text-align-center\" data-align=\"center\"><a href=\"https:\/\/bnb.ch\/fr\/stadtzentrum-bed-breakfast-435\/\" target=\"_blank\" rel=\"noreferrer noopener\"><img loading=\"lazy\" decoding=\"async\" width=\"512\" height=\"512\" class=\"wp-image-350\" style=\"width: 70px; vertical-align: middle;\" src=\"https:\/\/www.fcorvin.ch\/wp-content\/uploads\/2022\/02\/externalicon-1.png\" alt=\"\" srcset=\"https:\/\/www.fcorvin.ch\/wp-content\/uploads\/2022\/02\/externalicon-1.png 512w, https:\/\/www.fcorvin.ch\/wp-content\/uploads\/2022\/02\/externalicon-1-300x300.png 300w, https:\/\/www.fcorvin.ch\/wp-content\/uploads\/2022\/02\/externalicon-1-150x150.png 150w, https:\/\/www.fcorvin.ch\/wp-content\/uploads\/2022\/02\/externalicon-1-128x128.png 128w, https:\/\/www.fcorvin.ch\/wp-content\/uploads\/2022\/02\/externalicon-1-32x32.png 32w\" sizes=\"auto, (max-width: 512px) 100vw, 512px\" \/><\/a><\/td><td class=\"has-text-align-center\" data-align=\"center\"><strong>Stadtzentrum Bed and Breakfast<\/strong><\/td><td>Sch\u00fctzengasse 20<br>2502 Biel\/Bienne<br>032 323 29 04<\/td><\/tr><tr><td class=\"has-text-align-center\" data-align=\"center\"><a href=\"http:\/\/www.stuckisa.ch\/\" target=\"_blank\" rel=\"noreferrer noopener\"><img loading=\"lazy\" decoding=\"async\" width=\"1281\" height=\"641\" class=\"wp-image-558\" style=\"width: 150px; vertical-align: middle;\" src=\"https:\/\/www.fcorvin.ch\/wp-content\/uploads\/2022\/03\/Stucki-Logo-annonce-60-ans_AS-typo_60ans.jpg\" alt=\"\" srcset=\"https:\/\/www.fcorvin.ch\/wp-content\/uploads\/2022\/03\/Stucki-Logo-annonce-60-ans_AS-typo_60ans.jpg 1281w, https:\/\/www.fcorvin.ch\/wp-content\/uploads\/2022\/03\/Stucki-Logo-annonce-60-ans_AS-typo_60ans-300x150.jpg 300w, https:\/\/www.fcorvin.ch\/wp-content\/uploads\/2022\/03\/Stucki-Logo-annonce-60-ans_AS-typo_60ans-1024x512.jpg 1024w, https:\/\/www.fcorvin.ch\/wp-content\/uploads\/2022\/03\/Stucki-Logo-annonce-60-ans_AS-typo_60ans-768x384.jpg 768w, https:\/\/www.fcorvin.ch\/wp-content\/uploads\/2022\/03\/Stucki-Logo-annonce-60-ans_AS-typo_60ans-128x64.jpg 128w, https:\/\/www.fcorvin.ch\/wp-content\/uploads\/2022\/03\/Stucki-Logo-annonce-60-ans_AS-typo_60ans-32x16.jpg 32w\" sizes=\"auto, (max-width: 1281px) 100vw, 1281px\" \/><\/a><img loading=\"lazy\" decoding=\"async\" width=\"200\" height=\"200\" class=\"wp-image-560\" style=\"width: 70px; vertical-align: middle;\" src=\"https:\/\/www.fcorvin.ch\/wp-content\/uploads\/2022\/03\/Stucki-SA_QR-code_Slideshow-1.png\" alt=\"\" srcset=\"https:\/\/www.fcorvin.ch\/wp-content\/uploads\/2022\/03\/Stucki-SA_QR-code_Slideshow-1.png 200w, https:\/\/www.fcorvin.ch\/wp-content\/uploads\/2022\/03\/Stucki-SA_QR-code_Slideshow-1-150x150.png 150w, https:\/\/www.fcorvin.ch\/wp-content\/uploads\/2022\/03\/Stucki-SA_QR-code_Slideshow-1-128x128.png 128w, https:\/\/www.fcorvin.ch\/wp-content\/uploads\/2022\/03\/Stucki-SA_QR-code_Slideshow-1-32x32.png 32w\" sizes=\"auto, (max-width: 200px) 100vw, 200px\" \/><\/td><td class=\"has-text-align-center\" data-align=\"center\"><strong>Stucki Alfred SA<\/strong><\/td><td>Rue du Droit 3<br>2605 Sonceboz-Sombeval<br>032 489 13 17<\/td><\/tr><tr><td class=\"has-text-align-center\" data-align=\"center\"><a href=\"https:\/\/www.local.ch\/fr\/d\/saules-be\/2732\/entreprise-de-peinture\/weber-christophe-Lt7GM43FBRsNQSFEydjbKQ\" target=\"_blank\" rel=\"noreferrer noopener\"><img loading=\"lazy\" decoding=\"async\" width=\"512\" height=\"512\" class=\"wp-image-350\" style=\"width: 70px; vertical-align: middle;\" src=\"https:\/\/www.fcorvin.ch\/wp-content\/uploads\/2022\/02\/externalicon-1.png\" alt=\"\" srcset=\"https:\/\/www.fcorvin.ch\/wp-content\/uploads\/2022\/02\/externalicon-1.png 512w, https:\/\/www.fcorvin.ch\/wp-content\/uploads\/2022\/02\/externalicon-1-300x300.png 300w, https:\/\/www.fcorvin.ch\/wp-content\/uploads\/2022\/02\/externalicon-1-150x150.png 150w, https:\/\/www.fcorvin.ch\/wp-content\/uploads\/2022\/02\/externalicon-1-128x128.png 128w, https:\/\/www.fcorvin.ch\/wp-content\/uploads\/2022\/02\/externalicon-1-32x32.png 32w\" sizes=\"auto, (max-width: 512px) 100vw, 512px\" \/><\/a><\/td><td class=\"has-text-align-center\" data-align=\"center\"><strong>Entreprise de peinture Weber Christophe<\/strong><\/td><td>Milieu du Village 18<br>2732 Saules BE<br>032 481 21 93<br>078 629 46 84<\/td><\/tr><tr><td class=\"has-text-align-center\" data-align=\"center\"><a href=\"https:\/\/www.haenni-agrocentre.ch\/\" target=\"_blank\" rel=\"noreferrer noopener\"><img loading=\"lazy\" decoding=\"async\" width=\"2363\" height=\"2560\" class=\"wp-image-611\" style=\"width: 100px; vertical-align: middle;\" src=\"https:\/\/www.fcorvin.ch\/wp-content\/uploads\/2022\/03\/hanni-agrocentre-scaled.jpg\" alt=\"\" srcset=\"https:\/\/www.fcorvin.ch\/wp-content\/uploads\/2022\/03\/hanni-agrocentre-scaled.jpg 2363w, https:\/\/www.fcorvin.ch\/wp-content\/uploads\/2022\/03\/hanni-agrocentre-277x300.jpg 277w, https:\/\/www.fcorvin.ch\/wp-content\/uploads\/2022\/03\/hanni-agrocentre-945x1024.jpg 945w, https:\/\/www.fcorvin.ch\/wp-content\/uploads\/2022\/03\/hanni-agrocentre-768x832.jpg 768w, https:\/\/www.fcorvin.ch\/wp-content\/uploads\/2022\/03\/hanni-agrocentre-1418x1536.jpg 1418w, https:\/\/www.fcorvin.ch\/wp-content\/uploads\/2022\/03\/hanni-agrocentre-1891x2048.jpg 1891w, https:\/\/www.fcorvin.ch\/wp-content\/uploads\/2022\/03\/hanni-agrocentre-118x128.jpg 118w, https:\/\/www.fcorvin.ch\/wp-content\/uploads\/2022\/03\/hanni-agrocentre-30x32.jpg 30w\" sizes=\"auto, (max-width: 2363px) 100vw, 2363px\" \/><\/a><\/td><td class=\"has-text-align-center\" data-align=\"center\"><strong>H\u00e4nni Agrocentre S\u00e0rl<\/strong><\/td><td>La Praye 105 \/ U<br>2518 Nods<br>032 545 52 64<\/td><\/tr><tr><td class=\"has-text-align-center\" data-align=\"center\"><a href=\"https:\/\/www.hoteldelourspreles.ch\/\" target=\"_blank\" rel=\"noreferrer noopener\"><img loading=\"lazy\" decoding=\"async\" width=\"512\" height=\"512\" class=\"wp-image-350\" style=\"width: 70px; vertical-align: middle;\" src=\"https:\/\/www.fcorvin.ch\/wp-content\/uploads\/2022\/02\/externalicon-1.png\" alt=\"\" srcset=\"https:\/\/www.fcorvin.ch\/wp-content\/uploads\/2022\/02\/externalicon-1.png 512w, https:\/\/www.fcorvin.ch\/wp-content\/uploads\/2022\/02\/externalicon-1-300x300.png 300w, https:\/\/www.fcorvin.ch\/wp-content\/uploads\/2022\/02\/externalicon-1-150x150.png 150w, https:\/\/www.fcorvin.ch\/wp-content\/uploads\/2022\/02\/externalicon-1-128x128.png 128w, https:\/\/www.fcorvin.ch\/wp-content\/uploads\/2022\/02\/externalicon-1-32x32.png 32w\" sizes=\"auto, (max-width: 512px) 100vw, 512px\" \/><\/a><\/td><td class=\"has-text-align-center\" data-align=\"center\"><strong>Hotel de l&rsquo;Ours Pr\u00eales<\/strong><\/td><td>La Cha\u00eene 6<br>2515 Pr\u00eales<br>032 315 10 00<\/td><\/tr><tr><td class=\"has-text-align-center\" data-align=\"center\"><a href=\"http:\/\/www.fromageries.ch\/\" target=\"_blank\" rel=\"noreferrer noopener\"><img loading=\"lazy\" decoding=\"async\" width=\"512\" height=\"512\" class=\"wp-image-350\" style=\"width: 70px; vertical-align: middle;\" src=\"https:\/\/www.fcorvin.ch\/wp-content\/uploads\/2022\/02\/externalicon-1.png\" alt=\"\" srcset=\"https:\/\/www.fcorvin.ch\/wp-content\/uploads\/2022\/02\/externalicon-1.png 512w, https:\/\/www.fcorvin.ch\/wp-content\/uploads\/2022\/02\/externalicon-1-300x300.png 300w, https:\/\/www.fcorvin.ch\/wp-content\/uploads\/2022\/02\/externalicon-1-150x150.png 150w, https:\/\/www.fcorvin.ch\/wp-content\/uploads\/2022\/02\/externalicon-1-128x128.png 128w, https:\/\/www.fcorvin.ch\/wp-content\/uploads\/2022\/02\/externalicon-1-32x32.png 32w\" sizes=\"auto, (max-width: 512px) 100vw, 512px\" \/><\/a><\/td><td class=\"has-text-align-center\" data-align=\"center\"><strong>Fromagerie de Ligni\u00e8res<\/strong><\/td><td>Rue du Franc-Alleu 22<br>2523 Ligni\u00e8res<br>032 751 22 84<\/td><\/tr><tr><td class=\"has-text-align-center\" data-align=\"center\"><a href=\"https:\/\/www.a-waser-sa.ch\/\" target=\"_blank\" rel=\"noreferrer noopener\"><img loading=\"lazy\" decoding=\"async\" width=\"2560\" height=\"1799\" class=\"wp-image-574\" style=\"width: 150px; vertical-align: middle;\" src=\"https:\/\/www.fcorvin.ch\/wp-content\/uploads\/2022\/03\/A.-Waser-SA-carte-pub-scaled.jpg\" alt=\"\" srcset=\"https:\/\/www.fcorvin.ch\/wp-content\/uploads\/2022\/03\/A.-Waser-SA-carte-pub-scaled.jpg 2560w, https:\/\/www.fcorvin.ch\/wp-content\/uploads\/2022\/03\/A.-Waser-SA-carte-pub-300x211.jpg 300w, https:\/\/www.fcorvin.ch\/wp-content\/uploads\/2022\/03\/A.-Waser-SA-carte-pub-1024x720.jpg 1024w, https:\/\/www.fcorvin.ch\/wp-content\/uploads\/2022\/03\/A.-Waser-SA-carte-pub-768x540.jpg 768w, https:\/\/www.fcorvin.ch\/wp-content\/uploads\/2022\/03\/A.-Waser-SA-carte-pub-1536x1079.jpg 1536w, https:\/\/www.fcorvin.ch\/wp-content\/uploads\/2022\/03\/A.-Waser-SA-carte-pub-2048x1439.jpg 2048w, https:\/\/www.fcorvin.ch\/wp-content\/uploads\/2022\/03\/A.-Waser-SA-carte-pub-128x90.jpg 128w, https:\/\/www.fcorvin.ch\/wp-content\/uploads\/2022\/03\/A.-Waser-SA-carte-pub-32x22.jpg 32w\" sizes=\"auto, (max-width: 2560px) 100vw, 2560px\" \/><\/a><\/td><td class=\"has-text-align-center\" data-align=\"center\"><strong>Entreprise de Peinture A. Waser SA<\/strong><\/td><td>Rue Pierre-Pertuis 12<br>2605 Sonceboz-Sombeval<br>032 489 25 63<br>079 590 96 14<\/td><\/tr><tr><td class=\"has-text-align-center\" data-align=\"center\"><a href=\"https:\/\/www.esprit-beaute.ch\/\" target=\"_blank\" rel=\"noreferrer noopener\"><img loading=\"lazy\" decoding=\"async\" width=\"545\" height=\"512\" class=\"wp-image-575\" style=\"width: 100px; vertical-align: middle;\" src=\"https:\/\/www.fcorvin.ch\/wp-content\/uploads\/2022\/03\/esprit-beaute_logo.jpg\" alt=\"\" srcset=\"https:\/\/www.fcorvin.ch\/wp-content\/uploads\/2022\/03\/esprit-beaute_logo.jpg 545w, https:\/\/www.fcorvin.ch\/wp-content\/uploads\/2022\/03\/esprit-beaute_logo-300x282.jpg 300w, https:\/\/www.fcorvin.ch\/wp-content\/uploads\/2022\/03\/esprit-beaute_logo-128x120.jpg 128w, https:\/\/www.fcorvin.ch\/wp-content\/uploads\/2022\/03\/esprit-beaute_logo-32x30.jpg 32w\" sizes=\"auto, (max-width: 545px) 100vw, 545px\" \/><\/a><\/td><td class=\"has-text-align-center\" data-align=\"center\"><strong>Institut esprit beaut\u00e9<\/strong><\/td><td>Grand-Rue 19<br>2710 Tavannes<br>032 481 28 51<\/td><\/tr><tr><td class=\"has-text-align-center\" data-align=\"center\"><a href=\"https:\/\/www.annexe-cafe.ch\/\" target=\"_blank\" rel=\"noreferrer noopener\"><img loading=\"lazy\" decoding=\"async\" width=\"1748\" height=\"1240\" class=\"wp-image-576\" style=\"width: 120px; vertical-align: middle;\" src=\"https:\/\/www.fcorvin.ch\/wp-content\/uploads\/2022\/03\/Cafe-Lannexe.png\" alt=\"\" srcset=\"https:\/\/www.fcorvin.ch\/wp-content\/uploads\/2022\/03\/Cafe-Lannexe.png 1748w, https:\/\/www.fcorvin.ch\/wp-content\/uploads\/2022\/03\/Cafe-Lannexe-300x213.png 300w, https:\/\/www.fcorvin.ch\/wp-content\/uploads\/2022\/03\/Cafe-Lannexe-1024x726.png 1024w, https:\/\/www.fcorvin.ch\/wp-content\/uploads\/2022\/03\/Cafe-Lannexe-768x545.png 768w, https:\/\/www.fcorvin.ch\/wp-content\/uploads\/2022\/03\/Cafe-Lannexe-1536x1090.png 1536w, https:\/\/www.fcorvin.ch\/wp-content\/uploads\/2022\/03\/Cafe-Lannexe-128x91.png 128w, https:\/\/www.fcorvin.ch\/wp-content\/uploads\/2022\/03\/Cafe-Lannexe-32x23.png 32w\" sizes=\"auto, (max-width: 1748px) 100vw, 1748px\" \/><\/a><\/td><td class=\"has-text-align-center\" data-align=\"center\"><strong>Caf\u00e9 L\u2019annexe<\/strong><\/td><td>Vieille-Route 3<br>2612 Cormoret<br>076 606 06 31<\/td><\/tr><tr><td class=\"has-text-align-center\" data-align=\"center\"><a href=\"https:\/\/www.local.ch\/fr\/d\/biel-bienne\/2503\/meyer-michel-7lXYsZ2j93A3uFEGx80_pQ\" target=\"_blank\" rel=\"noreferrer noopener\"><img loading=\"lazy\" decoding=\"async\" width=\"512\" height=\"512\" class=\"wp-image-350\" style=\"width: 70px; vertical-align: middle;\" src=\"https:\/\/www.fcorvin.ch\/wp-content\/uploads\/2022\/02\/externalicon-1.png\" alt=\"\" srcset=\"https:\/\/www.fcorvin.ch\/wp-content\/uploads\/2022\/02\/externalicon-1.png 512w, https:\/\/www.fcorvin.ch\/wp-content\/uploads\/2022\/02\/externalicon-1-300x300.png 300w, https:\/\/www.fcorvin.ch\/wp-content\/uploads\/2022\/02\/externalicon-1-150x150.png 150w, https:\/\/www.fcorvin.ch\/wp-content\/uploads\/2022\/02\/externalicon-1-128x128.png 128w, https:\/\/www.fcorvin.ch\/wp-content\/uploads\/2022\/02\/externalicon-1-32x32.png 32w\" sizes=\"auto, (max-width: 512px) 100vw, 512px\" \/><\/a><\/td><td class=\"has-text-align-center\" data-align=\"center\"><strong>Optique Meyer<\/strong><\/td><td>Rue Centrale 66A<br>2503 Biel\/Bienne<br>032 323 26 23<\/td><\/tr><tr><td class=\"has-text-align-center\" data-align=\"center\"><a href=\"https:\/\/volpato-cuisines.ch\/\" target=\"_blank\" rel=\"noreferrer noopener\"><img loading=\"lazy\" decoding=\"async\" width=\"512\" height=\"512\" class=\"wp-image-350\" style=\"width: 70px; vertical-align: middle;\" src=\"https:\/\/www.fcorvin.ch\/wp-content\/uploads\/2022\/02\/externalicon-1.png\" alt=\"\" srcset=\"https:\/\/www.fcorvin.ch\/wp-content\/uploads\/2022\/02\/externalicon-1.png 512w, https:\/\/www.fcorvin.ch\/wp-content\/uploads\/2022\/02\/externalicon-1-300x300.png 300w, https:\/\/www.fcorvin.ch\/wp-content\/uploads\/2022\/02\/externalicon-1-150x150.png 150w, https:\/\/www.fcorvin.ch\/wp-content\/uploads\/2022\/02\/externalicon-1-128x128.png 128w, https:\/\/www.fcorvin.ch\/wp-content\/uploads\/2022\/02\/externalicon-1-32x32.png 32w\" sizes=\"auto, (max-width: 512px) 100vw, 512px\" \/><\/a><\/td><td class=\"has-text-align-center\" data-align=\"center\"><strong>Volpato cuisines S\u00e0rl<\/strong><\/td><td>Route de Diesse 32<br>2516 Lamboing<br>079 483 78 27<\/td><\/tr><tr><td class=\"has-text-align-center\" data-align=\"center\"><a href=\"https:\/\/sigma-electronic.com\/fr\/\" target=\"_blank\" rel=\"noreferrer noopener\"><img loading=\"lazy\" decoding=\"async\" width=\"512\" height=\"512\" class=\"wp-image-350\" style=\"width: 70px; vertical-align: middle;\" src=\"https:\/\/www.fcorvin.ch\/wp-content\/uploads\/2022\/02\/externalicon-1.png\" alt=\"\" srcset=\"https:\/\/www.fcorvin.ch\/wp-content\/uploads\/2022\/02\/externalicon-1.png 512w, https:\/\/www.fcorvin.ch\/wp-content\/uploads\/2022\/02\/externalicon-1-300x300.png 300w, https:\/\/www.fcorvin.ch\/wp-content\/uploads\/2022\/02\/externalicon-1-150x150.png 150w, https:\/\/www.fcorvin.ch\/wp-content\/uploads\/2022\/02\/externalicon-1-128x128.png 128w, https:\/\/www.fcorvin.ch\/wp-content\/uploads\/2022\/02\/externalicon-1-32x32.png 32w\" sizes=\"auto, (max-width: 512px) 100vw, 512px\" \/><\/a><\/td><td class=\"has-text-align-center\" data-align=\"center\"><strong>Sigma Electronic SA<\/strong><\/td><td>Rue des Marchandises 27<br>2502 Biel\/Bienne<br>032 322 91 77<\/td><\/tr><tr><td class=\"has-text-align-center\" data-align=\"center\"><a href=\"https:\/\/www.gladiatorpinza.com\/#\/\" target=\"_blank\" rel=\"noreferrer noopener\"><img loading=\"lazy\" decoding=\"async\" width=\"2000\" height=\"1414\" class=\"wp-image-610\" style=\"width: 130px; vertical-align: middle;\" src=\"https:\/\/www.fcorvin.ch\/wp-content\/uploads\/2022\/03\/gladiatorpinza.jpg\" alt=\"\" srcset=\"https:\/\/www.fcorvin.ch\/wp-content\/uploads\/2022\/03\/gladiatorpinza.jpg 2000w, https:\/\/www.fcorvin.ch\/wp-content\/uploads\/2022\/03\/gladiatorpinza-300x212.jpg 300w, https:\/\/www.fcorvin.ch\/wp-content\/uploads\/2022\/03\/gladiatorpinza-1024x724.jpg 1024w, https:\/\/www.fcorvin.ch\/wp-content\/uploads\/2022\/03\/gladiatorpinza-768x543.jpg 768w, https:\/\/www.fcorvin.ch\/wp-content\/uploads\/2022\/03\/gladiatorpinza-1536x1086.jpg 1536w, https:\/\/www.fcorvin.ch\/wp-content\/uploads\/2022\/03\/gladiatorpinza-128x90.jpg 128w, https:\/\/www.fcorvin.ch\/wp-content\/uploads\/2022\/03\/gladiatorpinza-32x23.jpg 32w\" sizes=\"auto, (max-width: 2000px) 100vw, 2000px\" \/><\/a><\/td><td class=\"has-text-align-center\" data-align=\"center\"><strong>Gladiator Pinza S\u00e0rl<\/strong><\/td><td>Mettstrasse 117A<br>2504 Bienne<br>032 333 25 04<\/td><\/tr><tr><td class=\"has-text-align-center\" data-align=\"center\"><a href=\"https:\/\/www.facebook.com\/nettoyagesMoszczanski\" target=\"_blank\" rel=\"noreferrer noopener\"><img loading=\"lazy\" decoding=\"async\" width=\"2560\" height=\"1181\" class=\"wp-image-577\" style=\"width: 150px; vertical-align: middle;\" src=\"https:\/\/www.fcorvin.ch\/wp-content\/uploads\/2022\/03\/Nettoyages-Moszczanski-Sarl-scaled.jpg\" alt=\"\" srcset=\"https:\/\/www.fcorvin.ch\/wp-content\/uploads\/2022\/03\/Nettoyages-Moszczanski-Sarl-scaled.jpg 2560w, https:\/\/www.fcorvin.ch\/wp-content\/uploads\/2022\/03\/Nettoyages-Moszczanski-Sarl-300x138.jpg 300w, https:\/\/www.fcorvin.ch\/wp-content\/uploads\/2022\/03\/Nettoyages-Moszczanski-Sarl-1024x472.jpg 1024w, https:\/\/www.fcorvin.ch\/wp-content\/uploads\/2022\/03\/Nettoyages-Moszczanski-Sarl-768x354.jpg 768w, https:\/\/www.fcorvin.ch\/wp-content\/uploads\/2022\/03\/Nettoyages-Moszczanski-Sarl-1536x709.jpg 1536w, https:\/\/www.fcorvin.ch\/wp-content\/uploads\/2022\/03\/Nettoyages-Moszczanski-Sarl-2048x945.jpg 2048w, https:\/\/www.fcorvin.ch\/wp-content\/uploads\/2022\/03\/Nettoyages-Moszczanski-Sarl-128x59.jpg 128w, https:\/\/www.fcorvin.ch\/wp-content\/uploads\/2022\/03\/Nettoyages-Moszczanski-Sarl-32x15.jpg 32w\" sizes=\"auto, (max-width: 2560px) 100vw, 2560px\" \/><\/a><\/td><td class=\"has-text-align-center\" data-align=\"center\"><strong>Nettoyages Moszczanski S\u00e0rl<\/strong><\/td><td>Grand&rsquo;Rue 2<br>2606 Corg\u00e9mont<br>078 632 65 47<\/td><\/tr><tr><td class=\"has-text-align-center\" data-align=\"center\"><a href=\"https:\/\/www.facebook.com\/profile.php?id=100066205286965\" target=\"_blank\" rel=\"noreferrer noopener\"><img loading=\"lazy\" decoding=\"async\" width=\"2560\" height=\"1655\" class=\"wp-image-607\" style=\"width: 150px; vertical-align: middle;\" src=\"https:\/\/www.fcorvin.ch\/wp-content\/uploads\/2002\/09\/BS-Trans-scaled.jpg\" alt=\"\" srcset=\"https:\/\/www.fcorvin.ch\/wp-content\/uploads\/2002\/09\/BS-Trans-scaled.jpg 2560w, https:\/\/www.fcorvin.ch\/wp-content\/uploads\/2002\/09\/BS-Trans-300x194.jpg 300w, https:\/\/www.fcorvin.ch\/wp-content\/uploads\/2002\/09\/BS-Trans-1024x662.jpg 1024w, https:\/\/www.fcorvin.ch\/wp-content\/uploads\/2002\/09\/BS-Trans-768x496.jpg 768w, https:\/\/www.fcorvin.ch\/wp-content\/uploads\/2002\/09\/BS-Trans-1536x993.jpg 1536w, https:\/\/www.fcorvin.ch\/wp-content\/uploads\/2002\/09\/BS-Trans-2048x1324.jpg 2048w, https:\/\/www.fcorvin.ch\/wp-content\/uploads\/2002\/09\/BS-Trans-128x83.jpg 128w, https:\/\/www.fcorvin.ch\/wp-content\/uploads\/2002\/09\/BS-Trans-32x21.jpg 32w\" sizes=\"auto, (max-width: 2560px) 100vw, 2560px\" \/><\/a><\/td><td class=\"has-text-align-center\" data-align=\"center\"><strong>BSTRANS<\/strong><\/td><td>Chemin du Milieu 3<br>2606 Corg\u00e9mont<br>079 250 48 70<\/td><\/tr><tr><td class=\"has-text-align-center\" data-align=\"center\"><a href=\"https:\/\/www.sagobat-construction.ch\/\" target=\"_blank\" rel=\"noreferrer noopener\"><img loading=\"lazy\" decoding=\"async\" width=\"840\" height=\"460\" class=\"wp-image-578\" style=\"width: 150px; vertical-align: middle;\" src=\"https:\/\/www.fcorvin.ch\/wp-content\/uploads\/2022\/03\/Logo-Sagobat-Sarl.jpg\" alt=\"\" srcset=\"https:\/\/www.fcorvin.ch\/wp-content\/uploads\/2022\/03\/Logo-Sagobat-Sarl.jpg 840w, https:\/\/www.fcorvin.ch\/wp-content\/uploads\/2022\/03\/Logo-Sagobat-Sarl-300x164.jpg 300w, https:\/\/www.fcorvin.ch\/wp-content\/uploads\/2022\/03\/Logo-Sagobat-Sarl-768x421.jpg 768w, https:\/\/www.fcorvin.ch\/wp-content\/uploads\/2022\/03\/Logo-Sagobat-Sarl-128x70.jpg 128w, https:\/\/www.fcorvin.ch\/wp-content\/uploads\/2022\/03\/Logo-Sagobat-Sarl-32x18.jpg 32w\" sizes=\"auto, (max-width: 840px) 100vw, 840px\" \/><\/a><\/td><td class=\"has-text-align-center\" data-align=\"center\"><strong>SAGOBAT S\u00e0rl<\/strong><\/td><td>Chemin Mettlen 72<br>2504 Biel\/Bienne<br>079 599 74 72<\/td><\/tr><tr><td class=\"has-text-align-center\" data-align=\"center\"><a href=\"https:\/\/www.facebook.com\/Boulangerie2710\/\" target=\"_blank\" rel=\"noreferrer noopener\"><img loading=\"lazy\" decoding=\"async\" width=\"512\" height=\"512\" class=\"wp-image-350\" style=\"width: 70px; vertical-align: middle;\" src=\"https:\/\/www.fcorvin.ch\/wp-content\/uploads\/2022\/02\/externalicon-1.png\" alt=\"\" srcset=\"https:\/\/www.fcorvin.ch\/wp-content\/uploads\/2022\/02\/externalicon-1.png 512w, https:\/\/www.fcorvin.ch\/wp-content\/uploads\/2022\/02\/externalicon-1-300x300.png 300w, https:\/\/www.fcorvin.ch\/wp-content\/uploads\/2022\/02\/externalicon-1-150x150.png 150w, https:\/\/www.fcorvin.ch\/wp-content\/uploads\/2022\/02\/externalicon-1-128x128.png 128w, https:\/\/www.fcorvin.ch\/wp-content\/uploads\/2022\/02\/externalicon-1-32x32.png 32w\" sizes=\"auto, (max-width: 512px) 100vw, 512px\" \/><\/a><\/td><td class=\"has-text-align-center\" data-align=\"center\"><strong>Boulangerie-p\u00e2tisserie Au Pain-d&rsquo;Or<\/strong><\/td><td>Rue de la Gare 1<br>2710 Tavannes<br>032 481 20 71<\/td><\/tr><tr><td class=\"has-text-align-center\" data-align=\"center\"><a href=\"https:\/\/www.local.ch\/fr\/d\/nods\/2518\/entreprise-de-peinture\/rollier-dominique-xI1jiCO6nPkC45Eop0QTxQ\" target=\"_blank\" rel=\"noreferrer noopener\"><img loading=\"lazy\" decoding=\"async\" width=\"512\" height=\"512\" class=\"wp-image-350\" style=\"width: 70px; vertical-align: middle;\" src=\"https:\/\/www.fcorvin.ch\/wp-content\/uploads\/2022\/02\/externalicon-1.png\" alt=\"\" srcset=\"https:\/\/www.fcorvin.ch\/wp-content\/uploads\/2022\/02\/externalicon-1.png 512w, https:\/\/www.fcorvin.ch\/wp-content\/uploads\/2022\/02\/externalicon-1-300x300.png 300w, https:\/\/www.fcorvin.ch\/wp-content\/uploads\/2022\/02\/externalicon-1-150x150.png 150w, https:\/\/www.fcorvin.ch\/wp-content\/uploads\/2022\/02\/externalicon-1-128x128.png 128w, https:\/\/www.fcorvin.ch\/wp-content\/uploads\/2022\/02\/externalicon-1-32x32.png 32w\" sizes=\"auto, (max-width: 512px) 100vw, 512px\" \/><\/a><\/td><td class=\"has-text-align-center\" data-align=\"center\"><strong>Peinture Dominique Rollier<\/strong><\/td><td>Chemin des Gentianes 11<br>2518 Nods<br>032 751 63 16<\/td><\/tr><tr><td class=\"has-text-align-center\" data-align=\"center\"><a href=\"https:\/\/www.metairiedelisle.ch\/fr\/\" target=\"_blank\" rel=\"noreferrer noopener\"><img loading=\"lazy\" decoding=\"async\" width=\"512\" height=\"512\" class=\"wp-image-350\" style=\"width: 70px; vertical-align: middle;\" src=\"https:\/\/www.fcorvin.ch\/wp-content\/uploads\/2022\/02\/externalicon-1.png\" alt=\"\" srcset=\"https:\/\/www.fcorvin.ch\/wp-content\/uploads\/2022\/02\/externalicon-1.png 512w, https:\/\/www.fcorvin.ch\/wp-content\/uploads\/2022\/02\/externalicon-1-300x300.png 300w, https:\/\/www.fcorvin.ch\/wp-content\/uploads\/2022\/02\/externalicon-1-150x150.png 150w, https:\/\/www.fcorvin.ch\/wp-content\/uploads\/2022\/02\/externalicon-1-128x128.png 128w, https:\/\/www.fcorvin.ch\/wp-content\/uploads\/2022\/02\/externalicon-1-32x32.png 32w\" sizes=\"auto, (max-width: 512px) 100vw, 512px\" \/><\/a><\/td><td class=\"has-text-align-center\" data-align=\"center\"><strong>M\u00e9tairie de L&rsquo;Isle<\/strong><\/td><td>Chemin des Rochettes 2<br>2523 Ligni\u00e8res<br>032 751 27 33<\/td><\/tr><tr><td class=\"has-text-align-center\" data-align=\"center\"><a href=\"https:\/\/www.zorro.ch\/fr\/\" target=\"_blank\" rel=\"noreferrer noopener\"><img loading=\"lazy\" decoding=\"async\" width=\"512\" height=\"512\" class=\"wp-image-350\" style=\"width: 70px; vertical-align: middle;\" src=\"https:\/\/www.fcorvin.ch\/wp-content\/uploads\/2022\/02\/externalicon-1.png\" alt=\"\" srcset=\"https:\/\/www.fcorvin.ch\/wp-content\/uploads\/2022\/02\/externalicon-1.png 512w, https:\/\/www.fcorvin.ch\/wp-content\/uploads\/2022\/02\/externalicon-1-300x300.png 300w, https:\/\/www.fcorvin.ch\/wp-content\/uploads\/2022\/02\/externalicon-1-150x150.png 150w, https:\/\/www.fcorvin.ch\/wp-content\/uploads\/2022\/02\/externalicon-1-128x128.png 128w, https:\/\/www.fcorvin.ch\/wp-content\/uploads\/2022\/02\/externalicon-1-32x32.png 32w\" sizes=\"auto, (max-width: 512px) 100vw, 512px\" \/><\/a><\/td><td class=\"has-text-align-center\" data-align=\"center\"><strong>Vol libre Zorro<\/strong><\/td><td>Aux Oies 9<br>2518 Nods<br>079 607 11 37<br>079 311 17 64<\/td><\/tr><tr><td class=\"has-text-align-center\" data-align=\"center\"><a href=\"https:\/\/www.kellyservices.ch\/fr\/\" target=\"_blank\" rel=\"noreferrer noopener\"><img loading=\"lazy\" decoding=\"async\" width=\"2400\" height=\"2400\" class=\"wp-image-579\" style=\"width: 100px; vertical-align: middle;\" src=\"https:\/\/www.fcorvin.ch\/wp-content\/uploads\/2022\/03\/Kelly_FullColor.jpg\" alt=\"\" srcset=\"https:\/\/www.fcorvin.ch\/wp-content\/uploads\/2022\/03\/Kelly_FullColor.jpg 2400w, https:\/\/www.fcorvin.ch\/wp-content\/uploads\/2022\/03\/Kelly_FullColor-300x300.jpg 300w, https:\/\/www.fcorvin.ch\/wp-content\/uploads\/2022\/03\/Kelly_FullColor-1024x1024.jpg 1024w, https:\/\/www.fcorvin.ch\/wp-content\/uploads\/2022\/03\/Kelly_FullColor-150x150.jpg 150w, https:\/\/www.fcorvin.ch\/wp-content\/uploads\/2022\/03\/Kelly_FullColor-768x768.jpg 768w, https:\/\/www.fcorvin.ch\/wp-content\/uploads\/2022\/03\/Kelly_FullColor-1536x1536.jpg 1536w, https:\/\/www.fcorvin.ch\/wp-content\/uploads\/2022\/03\/Kelly_FullColor-2048x2048.jpg 2048w, https:\/\/www.fcorvin.ch\/wp-content\/uploads\/2022\/03\/Kelly_FullColor-128x128.jpg 128w, https:\/\/www.fcorvin.ch\/wp-content\/uploads\/2022\/03\/Kelly_FullColor-32x32.jpg 32w\" sizes=\"auto, (max-width: 2400px) 100vw, 2400px\" \/><\/a><\/td><td class=\"has-text-align-center\" data-align=\"center\"><strong>Kelly Services (Schweiz) AG<\/strong><\/td><td>Rue Fritz-Oppliger 18<br>2504 Biel\/Bienne<br>032 329 55 70<\/td><\/tr><tr><td class=\"has-text-align-center\" data-align=\"center\"><a href=\"https:\/\/www.carnata-boucherie.ch\/\" target=\"_blank\" rel=\"noreferrer noopener\"><img loading=\"lazy\" decoding=\"async\" width=\"512\" height=\"512\" class=\"wp-image-350\" style=\"width: 70px; vertical-align: middle;\" src=\"https:\/\/www.fcorvin.ch\/wp-content\/uploads\/2022\/02\/externalicon-1.png\" alt=\"\" srcset=\"https:\/\/www.fcorvin.ch\/wp-content\/uploads\/2022\/02\/externalicon-1.png 512w, https:\/\/www.fcorvin.ch\/wp-content\/uploads\/2022\/02\/externalicon-1-300x300.png 300w, https:\/\/www.fcorvin.ch\/wp-content\/uploads\/2022\/02\/externalicon-1-150x150.png 150w, https:\/\/www.fcorvin.ch\/wp-content\/uploads\/2022\/02\/externalicon-1-128x128.png 128w, https:\/\/www.fcorvin.ch\/wp-content\/uploads\/2022\/02\/externalicon-1-32x32.png 32w\" sizes=\"auto, (max-width: 512px) 100vw, 512px\" \/><\/a><\/td><td class=\"has-text-align-center\" data-align=\"center\"><strong>Boucherie,Traiteur Carnata S\u00e0rl<\/strong><\/td><td>Chemin des Pr\u00e9s Joyeux 5B<br>2710 Tavannes<br>032 481 24 34<\/td><\/tr><tr><td class=\"has-text-align-center\" data-align=\"center\"><a href=\"https:\/\/www.valiant.ch\/-\/gst-tavannes\" target=\"_blank\" rel=\"noreferrer noopener\"><img loading=\"lazy\" decoding=\"async\" width=\"1063\" height=\"709\" class=\"wp-image-580\" style=\"width: 130px; vertical-align: middle;\" src=\"https:\/\/www.fcorvin.ch\/wp-content\/uploads\/2022\/03\/Banque-Valiant.jpg\" alt=\"\" srcset=\"https:\/\/www.fcorvin.ch\/wp-content\/uploads\/2022\/03\/Banque-Valiant.jpg 1063w, https:\/\/www.fcorvin.ch\/wp-content\/uploads\/2022\/03\/Banque-Valiant-300x200.jpg 300w, https:\/\/www.fcorvin.ch\/wp-content\/uploads\/2022\/03\/Banque-Valiant-1024x683.jpg 1024w, https:\/\/www.fcorvin.ch\/wp-content\/uploads\/2022\/03\/Banque-Valiant-768x512.jpg 768w, https:\/\/www.fcorvin.ch\/wp-content\/uploads\/2022\/03\/Banque-Valiant-128x85.jpg 128w, https:\/\/www.fcorvin.ch\/wp-content\/uploads\/2022\/03\/Banque-Valiant-32x21.jpg 32w\" sizes=\"auto, (max-width: 1063px) 100vw, 1063px\" \/><\/a><\/td><td class=\"has-text-align-center\" data-align=\"center\"><strong>Banque Valiant SA<\/strong><\/td><td>Grand-Rue 25<br>2710 Tavannes<br>032 482 72 72<\/td><\/tr><tr><td class=\"has-text-align-center\" data-align=\"center\"><a href=\"https:\/\/www.facebook.com\/people\/Shop-du-Pierre-Pertuis\/100067537861288\/\" target=\"_blank\" rel=\"noreferrer noopener\"><img loading=\"lazy\" decoding=\"async\" width=\"512\" height=\"512\" class=\"wp-image-350\" style=\"width: 70px; vertical-align: middle;\" src=\"https:\/\/www.fcorvin.ch\/wp-content\/uploads\/2022\/02\/externalicon-1.png\" alt=\"\" srcset=\"https:\/\/www.fcorvin.ch\/wp-content\/uploads\/2022\/02\/externalicon-1.png 512w, https:\/\/www.fcorvin.ch\/wp-content\/uploads\/2022\/02\/externalicon-1-300x300.png 300w, https:\/\/www.fcorvin.ch\/wp-content\/uploads\/2022\/02\/externalicon-1-150x150.png 150w, https:\/\/www.fcorvin.ch\/wp-content\/uploads\/2022\/02\/externalicon-1-128x128.png 128w, https:\/\/www.fcorvin.ch\/wp-content\/uploads\/2022\/02\/externalicon-1-32x32.png 32w\" sizes=\"auto, (max-width: 512px) 100vw, 512px\" \/><\/a><\/td><td class=\"has-text-align-center\" data-align=\"center\"><strong>Shop du Pierre-Pertuis S\u00e0rl<\/strong><\/td><td>Rue Pierre-Pertuis 16<br>2605 Sonceboz-Sombeval<br>032 489 29 48<\/td><\/tr><tr><td class=\"has-text-align-center\" data-align=\"center\"><a href=\"https:\/\/www.inzicarrelages.ch\/\" target=\"_blank\" rel=\"noreferrer noopener\"><img loading=\"lazy\" decoding=\"async\" width=\"650\" height=\"472\" class=\"wp-image-581\" style=\"width: 120px; vertical-align: middle;\" src=\"https:\/\/www.fcorvin.ch\/wp-content\/uploads\/2022\/03\/INZI_Carrelages-Annonce-55x40-200504.jpg\" alt=\"\" srcset=\"https:\/\/www.fcorvin.ch\/wp-content\/uploads\/2022\/03\/INZI_Carrelages-Annonce-55x40-200504.jpg 650w, https:\/\/www.fcorvin.ch\/wp-content\/uploads\/2022\/03\/INZI_Carrelages-Annonce-55x40-200504-300x218.jpg 300w, https:\/\/www.fcorvin.ch\/wp-content\/uploads\/2022\/03\/INZI_Carrelages-Annonce-55x40-200504-128x93.jpg 128w, https:\/\/www.fcorvin.ch\/wp-content\/uploads\/2022\/03\/INZI_Carrelages-Annonce-55x40-200504-32x23.jpg 32w\" sizes=\"auto, (max-width: 650px) 100vw, 650px\" \/><\/a><\/td><td class=\"has-text-align-center\" data-align=\"center\"><strong>INZI Carrelages<\/strong><\/td><td>La Combe aux Borgnes 12<br>2710 Tavannes<br>032 481 36 93<br>079 429 51 75<\/td><\/tr><tr><td class=\"has-text-align-center\" data-align=\"center\"><a href=\"https:\/\/www.local.ch\/fr\/d\/biel-bienne\/2504\/entreprise-de-peinture\/buccarello-sarl-ckyKxXBV_QP8qKINEy5mVQ\" target=\"_blank\" rel=\"noreferrer noopener\"><img loading=\"lazy\" decoding=\"async\" width=\"1240\" height=\"1720\" class=\"wp-image-582\" style=\"width: 80px; vertical-align: middle;\" src=\"https:\/\/www.fcorvin.ch\/wp-content\/uploads\/2022\/03\/Buccarello_sarl_Insertion-Orvin.jpg\" alt=\"\" srcset=\"https:\/\/www.fcorvin.ch\/wp-content\/uploads\/2022\/03\/Buccarello_sarl_Insertion-Orvin.jpg 1240w, https:\/\/www.fcorvin.ch\/wp-content\/uploads\/2022\/03\/Buccarello_sarl_Insertion-Orvin-216x300.jpg 216w, https:\/\/www.fcorvin.ch\/wp-content\/uploads\/2022\/03\/Buccarello_sarl_Insertion-Orvin-738x1024.jpg 738w, https:\/\/www.fcorvin.ch\/wp-content\/uploads\/2022\/03\/Buccarello_sarl_Insertion-Orvin-768x1065.jpg 768w, https:\/\/www.fcorvin.ch\/wp-content\/uploads\/2022\/03\/Buccarello_sarl_Insertion-Orvin-1107x1536.jpg 1107w, https:\/\/www.fcorvin.ch\/wp-content\/uploads\/2022\/03\/Buccarello_sarl_Insertion-Orvin-92x128.jpg 92w, https:\/\/www.fcorvin.ch\/wp-content\/uploads\/2022\/03\/Buccarello_sarl_Insertion-Orvin-23x32.jpg 23w\" sizes=\"auto, (max-width: 1240px) 100vw, 1240px\" \/><\/a><\/td><td class=\"has-text-align-center\" data-align=\"center\"><strong>Peinture Buccarello S\u00e0rl<\/strong><\/td><td>Route du B\u00fcttenberg 62<br>2504 Biel\/Bienne<br>032 341 09 22<br>079 626 50 84<\/td><\/tr><tr><td class=\"has-text-align-center\" data-align=\"center\"><a href=\"https:\/\/www.local.ch\/fr\/d\/cortebert\/2607\/fromagerie\/fromagerie-cortebert-dT9PXA4OnpwaIWsg_zxaWQ\" target=\"_blank\" rel=\"noreferrer noopener\"><img loading=\"lazy\" decoding=\"async\" width=\"512\" height=\"512\" class=\"wp-image-350\" style=\"width: 70px; vertical-align: middle;\" src=\"https:\/\/www.fcorvin.ch\/wp-content\/uploads\/2022\/02\/externalicon-1.png\" alt=\"\" srcset=\"https:\/\/www.fcorvin.ch\/wp-content\/uploads\/2022\/02\/externalicon-1.png 512w, https:\/\/www.fcorvin.ch\/wp-content\/uploads\/2022\/02\/externalicon-1-300x300.png 300w, https:\/\/www.fcorvin.ch\/wp-content\/uploads\/2022\/02\/externalicon-1-150x150.png 150w, https:\/\/www.fcorvin.ch\/wp-content\/uploads\/2022\/02\/externalicon-1-128x128.png 128w, https:\/\/www.fcorvin.ch\/wp-content\/uploads\/2022\/02\/externalicon-1-32x32.png 32w\" sizes=\"auto, (max-width: 512px) 100vw, 512px\" \/><\/a><\/td><td class=\"has-text-align-center\" data-align=\"center\"><strong>Fromagerie Cort\u00e9bert<\/strong><\/td><td>Les Ruaux 4<br>2607 Cort\u00e9bert<br>032 489 17 83<\/td><\/tr><tr><td class=\"has-text-align-center\" data-align=\"center\"><a href=\"http:\/\/www.zanellasarl.ch\/\" target=\"_blank\" rel=\"noreferrer noopener\"><img loading=\"lazy\" decoding=\"async\" width=\"512\" height=\"512\" class=\"wp-image-350\" style=\"width: 70px; vertical-align: middle;\" src=\"https:\/\/www.fcorvin.ch\/wp-content\/uploads\/2022\/02\/externalicon-1.png\" alt=\"\" srcset=\"https:\/\/www.fcorvin.ch\/wp-content\/uploads\/2022\/02\/externalicon-1.png 512w, https:\/\/www.fcorvin.ch\/wp-content\/uploads\/2022\/02\/externalicon-1-300x300.png 300w, https:\/\/www.fcorvin.ch\/wp-content\/uploads\/2022\/02\/externalicon-1-150x150.png 150w, https:\/\/www.fcorvin.ch\/wp-content\/uploads\/2022\/02\/externalicon-1-128x128.png 128w, https:\/\/www.fcorvin.ch\/wp-content\/uploads\/2022\/02\/externalicon-1-32x32.png 32w\" sizes=\"auto, (max-width: 512px) 100vw, 512px\" \/><\/a><\/td><td class=\"has-text-align-center\" data-align=\"center\"><strong>Construction Zanella S\u00e0rl<\/strong><\/td><td>Route Principale 8<br>2538 Romont BE<br>032 378 11 55<br>&nbsp;078 600 93 50<\/td><\/tr><tr><td class=\"has-text-align-center\" data-align=\"center\"><a href=\"https:\/\/pbeuret.ch\/\" target=\"_blank\" rel=\"noreferrer noopener\"><img loading=\"lazy\" decoding=\"async\" width=\"512\" height=\"512\" class=\"wp-image-350\" style=\"width: 70px; vertical-align: middle;\" src=\"https:\/\/www.fcorvin.ch\/wp-content\/uploads\/2022\/02\/externalicon-1.png\" alt=\"\" srcset=\"https:\/\/www.fcorvin.ch\/wp-content\/uploads\/2022\/02\/externalicon-1.png 512w, https:\/\/www.fcorvin.ch\/wp-content\/uploads\/2022\/02\/externalicon-1-300x300.png 300w, https:\/\/www.fcorvin.ch\/wp-content\/uploads\/2022\/02\/externalicon-1-150x150.png 150w, https:\/\/www.fcorvin.ch\/wp-content\/uploads\/2022\/02\/externalicon-1-128x128.png 128w, https:\/\/www.fcorvin.ch\/wp-content\/uploads\/2022\/02\/externalicon-1-32x32.png 32w\" sizes=\"auto, (max-width: 512px) 100vw, 512px\" \/><\/a><\/td><td class=\"has-text-align-center\" data-align=\"center\"><strong>P.BEURET &#8211;<br>Sanitaire-Chauffage &amp; R\u00e9novation<\/strong><\/td><td>Les Trois-Bornes 15<br>2608 Courtelary<br>079 325 46 17<\/td><\/tr><tr><td class=\"has-text-align-center\" data-align=\"center\"><a href=\"https:\/\/www.garage-kocher-cie.ch\/\" target=\"_blank\" rel=\"noreferrer noopener\"><img loading=\"lazy\" decoding=\"async\" width=\"1004\" height=\"650\" class=\"wp-image-583\" style=\"width: 140px; vertical-align: middle;\" src=\"https:\/\/www.fcorvin.ch\/wp-content\/uploads\/2022\/03\/kocher-garage.jpg\" alt=\"\" srcset=\"https:\/\/www.fcorvin.ch\/wp-content\/uploads\/2022\/03\/kocher-garage.jpg 1004w, https:\/\/www.fcorvin.ch\/wp-content\/uploads\/2022\/03\/kocher-garage-300x194.jpg 300w, https:\/\/www.fcorvin.ch\/wp-content\/uploads\/2022\/03\/kocher-garage-768x497.jpg 768w, https:\/\/www.fcorvin.ch\/wp-content\/uploads\/2022\/03\/kocher-garage-128x83.jpg 128w, https:\/\/www.fcorvin.ch\/wp-content\/uploads\/2022\/03\/kocher-garage-32x21.jpg 32w\" sizes=\"auto, (max-width: 1004px) 100vw, 1004px\" \/><\/a><\/td><td class=\"has-text-align-center\" data-align=\"center\"><strong>Kocher et Cie SA<\/strong><\/td><td>Grand&rsquo;Rue 65<br>2606 Corg\u00e9mont<br>032 489 15 15<br>079 631 85 11<\/td><\/tr><tr><td class=\"has-text-align-center\" data-align=\"center\"><a href=\"https:\/\/www.christophe-chocolatier.ch\/\" target=\"_blank\" rel=\"noreferrer noopener\"><img loading=\"lazy\" decoding=\"async\" width=\"2560\" height=\"1421\" class=\"wp-image-584\" style=\"width: 150px; vertical-align: middle;\" src=\"https:\/\/www.fcorvin.ch\/wp-content\/uploads\/2022\/03\/Chocolatier-Christophe-scaled.jpg\" alt=\"\" srcset=\"https:\/\/www.fcorvin.ch\/wp-content\/uploads\/2022\/03\/Chocolatier-Christophe-scaled.jpg 2560w, https:\/\/www.fcorvin.ch\/wp-content\/uploads\/2022\/03\/Chocolatier-Christophe-300x167.jpg 300w, https:\/\/www.fcorvin.ch\/wp-content\/uploads\/2022\/03\/Chocolatier-Christophe-1024x568.jpg 1024w, https:\/\/www.fcorvin.ch\/wp-content\/uploads\/2022\/03\/Chocolatier-Christophe-768x426.jpg 768w, https:\/\/www.fcorvin.ch\/wp-content\/uploads\/2022\/03\/Chocolatier-Christophe-1536x853.jpg 1536w, https:\/\/www.fcorvin.ch\/wp-content\/uploads\/2022\/03\/Chocolatier-Christophe-2048x1137.jpg 2048w, https:\/\/www.fcorvin.ch\/wp-content\/uploads\/2022\/03\/Chocolatier-Christophe-128x71.jpg 128w, https:\/\/www.fcorvin.ch\/wp-content\/uploads\/2022\/03\/Chocolatier-Christophe-32x18.jpg 32w\" sizes=\"auto, (max-width: 2560px) 100vw, 2560px\" \/><\/a><\/td><td class=\"has-text-align-center\" data-align=\"center\"><strong>Christophe Chocolatier<\/strong><\/td><td>Grand-Rue 48<br>2608 Courtelary<br>032 944 30 68<br>&nbsp;079 705 68 47<\/td><\/tr><tr><td class=\"has-text-align-center\" data-align=\"center\"><a href=\"https:\/\/scooterland.ch\/fr\" target=\"_blank\" rel=\"noreferrer noopener\"><img loading=\"lazy\" decoding=\"async\" width=\"512\" height=\"512\" class=\"wp-image-350\" style=\"width: 70px; vertical-align: middle;\" src=\"https:\/\/www.fcorvin.ch\/wp-content\/uploads\/2022\/02\/externalicon-1.png\" alt=\"\" srcset=\"https:\/\/www.fcorvin.ch\/wp-content\/uploads\/2022\/02\/externalicon-1.png 512w, https:\/\/www.fcorvin.ch\/wp-content\/uploads\/2022\/02\/externalicon-1-300x300.png 300w, https:\/\/www.fcorvin.ch\/wp-content\/uploads\/2022\/02\/externalicon-1-150x150.png 150w, https:\/\/www.fcorvin.ch\/wp-content\/uploads\/2022\/02\/externalicon-1-128x128.png 128w, https:\/\/www.fcorvin.ch\/wp-content\/uploads\/2022\/02\/externalicon-1-32x32.png 32w\" sizes=\"auto, (max-width: 512px) 100vw, 512px\" \/><\/a><\/td><td class=\"has-text-align-center\" data-align=\"center\"><strong>Scooterland S\u00e0rl<\/strong><\/td><td>Br\u00fchlstrasse 49<br>2503 Biel\/Bienne<br>032 365 26 24<\/td><\/tr><tr><td class=\"has-text-align-center\" data-align=\"center\"><a href=\"https:\/\/www.local.ch\/fr\/d\/evilard\/2533\/institut-de-beaute\/libellule-beaute-eua0Pnwg1TAVL_fmCegJGg\" target=\"_blank\" rel=\"noreferrer noopener\"><img loading=\"lazy\" decoding=\"async\" width=\"512\" height=\"512\" class=\"wp-image-350\" style=\"width: 70px; vertical-align: middle;\" src=\"https:\/\/www.fcorvin.ch\/wp-content\/uploads\/2022\/02\/externalicon-1.png\" alt=\"\" srcset=\"https:\/\/www.fcorvin.ch\/wp-content\/uploads\/2022\/02\/externalicon-1.png 512w, https:\/\/www.fcorvin.ch\/wp-content\/uploads\/2022\/02\/externalicon-1-300x300.png 300w, https:\/\/www.fcorvin.ch\/wp-content\/uploads\/2022\/02\/externalicon-1-150x150.png 150w, https:\/\/www.fcorvin.ch\/wp-content\/uploads\/2022\/02\/externalicon-1-128x128.png 128w, https:\/\/www.fcorvin.ch\/wp-content\/uploads\/2022\/02\/externalicon-1-32x32.png 32w\" sizes=\"auto, (max-width: 512px) 100vw, 512px\" \/><\/a><\/td><td class=\"has-text-align-center\" data-align=\"center\"><strong>Libellule Beaut\u00e9<\/strong><\/td><td>Chemin des Ages 32<br>2533 Evilard<br>076 567 55 47<\/td><\/tr><tr><td class=\"has-text-align-center\" data-align=\"center\"><a href=\"http:\/\/www.sommeiletconfort.ch\/\" target=\"_blank\" rel=\"noreferrer noopener\"><img loading=\"lazy\" decoding=\"async\" width=\"512\" height=\"512\" class=\"wp-image-350\" style=\"width: 70px; vertical-align: middle;\" src=\"https:\/\/www.fcorvin.ch\/wp-content\/uploads\/2022\/02\/externalicon-1.png\" alt=\"\" srcset=\"https:\/\/www.fcorvin.ch\/wp-content\/uploads\/2022\/02\/externalicon-1.png 512w, https:\/\/www.fcorvin.ch\/wp-content\/uploads\/2022\/02\/externalicon-1-300x300.png 300w, https:\/\/www.fcorvin.ch\/wp-content\/uploads\/2022\/02\/externalicon-1-150x150.png 150w, https:\/\/www.fcorvin.ch\/wp-content\/uploads\/2022\/02\/externalicon-1-128x128.png 128w, https:\/\/www.fcorvin.ch\/wp-content\/uploads\/2022\/02\/externalicon-1-32x32.png 32w\" sizes=\"auto, (max-width: 512px) 100vw, 512px\" \/><\/a><\/td><td class=\"has-text-align-center\" data-align=\"center\"><strong>Sommeil et confort<\/strong><\/td><td>Rue Centrale 11<br>2502 Biel\/Bienne<br>032 536 47 27<\/td><\/tr><tr><td class=\"has-text-align-center\" data-align=\"center\"><a href=\"https:\/\/arbopro.ch\/\" target=\"_blank\" rel=\"noreferrer noopener\"><img loading=\"lazy\" decoding=\"async\" width=\"512\" height=\"512\" class=\"wp-image-350\" style=\"width: 70px; vertical-align: middle;\" src=\"https:\/\/www.fcorvin.ch\/wp-content\/uploads\/2022\/02\/externalicon-1.png\" alt=\"\" srcset=\"https:\/\/www.fcorvin.ch\/wp-content\/uploads\/2022\/02\/externalicon-1.png 512w, https:\/\/www.fcorvin.ch\/wp-content\/uploads\/2022\/02\/externalicon-1-300x300.png 300w, https:\/\/www.fcorvin.ch\/wp-content\/uploads\/2022\/02\/externalicon-1-150x150.png 150w, https:\/\/www.fcorvin.ch\/wp-content\/uploads\/2022\/02\/externalicon-1-128x128.png 128w, https:\/\/www.fcorvin.ch\/wp-content\/uploads\/2022\/02\/externalicon-1-32x32.png 32w\" sizes=\"auto, (max-width: 512px) 100vw, 512px\" \/><\/a><\/td><td class=\"has-text-align-center\" data-align=\"center\"><strong>ArbOpro<\/strong><\/td><td>Dos-la-Velle 16<br>2732 Reconvilier<br>079 173 57 24<\/td><\/tr><tr><td class=\"has-text-align-center\" data-align=\"center\"><a href=\"https:\/\/www.ptitechipie.com\/\" target=\"_blank\" rel=\"noreferrer noopener\"><img loading=\"lazy\" decoding=\"async\" width=\"948\" height=\"532\" class=\"wp-image-585\" style=\"width: 150px; vertical-align: middle;\" src=\"https:\/\/www.fcorvin.ch\/wp-content\/uploads\/2022\/03\/Ptite-chipie.jpg\" alt=\"\" srcset=\"https:\/\/www.fcorvin.ch\/wp-content\/uploads\/2022\/03\/Ptite-chipie.jpg 948w, https:\/\/www.fcorvin.ch\/wp-content\/uploads\/2022\/03\/Ptite-chipie-300x168.jpg 300w, https:\/\/www.fcorvin.ch\/wp-content\/uploads\/2022\/03\/Ptite-chipie-768x431.jpg 768w, https:\/\/www.fcorvin.ch\/wp-content\/uploads\/2022\/03\/Ptite-chipie-128x72.jpg 128w, https:\/\/www.fcorvin.ch\/wp-content\/uploads\/2022\/03\/Ptite-chipie-32x18.jpg 32w\" sizes=\"auto, (max-width: 948px) 100vw, 948px\" \/><\/a><\/td><td class=\"has-text-align-center\" data-align=\"center\"><strong>P&rsquo;tite Chipie Les savons<\/strong><\/td><td>Rue du Pomm\u00e9 Au Loup 8<br>2732 &nbsp;Reconvilier<br>079 214 81 80<\/td><\/tr><tr><td class=\"has-text-align-center\" data-align=\"center\"><a href=\"https:\/\/www.local.ch\/fr\/d\/orvin\/2534\/boder-fabrice-HrVVIXeW7k5d4veBhVm2NQ\" target=\"_blank\" rel=\"noreferrer noopener\"><img loading=\"lazy\" decoding=\"async\" width=\"512\" height=\"512\" class=\"wp-image-350\" style=\"width: 70px; vertical-align: middle;\" src=\"https:\/\/www.fcorvin.ch\/wp-content\/uploads\/2022\/02\/externalicon-1.png\" alt=\"\" srcset=\"https:\/\/www.fcorvin.ch\/wp-content\/uploads\/2022\/02\/externalicon-1.png 512w, https:\/\/www.fcorvin.ch\/wp-content\/uploads\/2022\/02\/externalicon-1-300x300.png 300w, https:\/\/www.fcorvin.ch\/wp-content\/uploads\/2022\/02\/externalicon-1-150x150.png 150w, https:\/\/www.fcorvin.ch\/wp-content\/uploads\/2022\/02\/externalicon-1-128x128.png 128w, https:\/\/www.fcorvin.ch\/wp-content\/uploads\/2022\/02\/externalicon-1-32x32.png 32w\" sizes=\"auto, (max-width: 512px) 100vw, 512px\" \/><\/a><\/td><td class=\"has-text-align-center\" data-align=\"center\"><strong>Entreprise Boder Fabrice<\/strong><\/td><td>Route de Frinvillier 6<br>2534 Orvin<br>032 358 12 30<br>079 408 31 46<\/td><\/tr><tr><td class=\"has-text-align-center\" data-align=\"center\"><a href=\"https:\/\/www.balkan-metzgerei.ch\/fr\" target=\"_blank\" rel=\"noreferrer noopener\"><img loading=\"lazy\" decoding=\"async\" width=\"2048\" height=\"1468\" class=\"wp-image-586\" style=\"width: 130px; vertical-align: middle;\" src=\"https:\/\/www.fcorvin.ch\/wp-content\/uploads\/2022\/03\/Balkan-metzgerei.jpg\" alt=\"\" srcset=\"https:\/\/www.fcorvin.ch\/wp-content\/uploads\/2022\/03\/Balkan-metzgerei.jpg 2048w, https:\/\/www.fcorvin.ch\/wp-content\/uploads\/2022\/03\/Balkan-metzgerei-300x215.jpg 300w, https:\/\/www.fcorvin.ch\/wp-content\/uploads\/2022\/03\/Balkan-metzgerei-1024x734.jpg 1024w, https:\/\/www.fcorvin.ch\/wp-content\/uploads\/2022\/03\/Balkan-metzgerei-768x551.jpg 768w, https:\/\/www.fcorvin.ch\/wp-content\/uploads\/2022\/03\/Balkan-metzgerei-1536x1101.jpg 1536w, https:\/\/www.fcorvin.ch\/wp-content\/uploads\/2022\/03\/Balkan-metzgerei-128x92.jpg 128w, https:\/\/www.fcorvin.ch\/wp-content\/uploads\/2022\/03\/Balkan-metzgerei-32x23.jpg 32w\" sizes=\"auto, (max-width: 2048px) 100vw, 2048px\" \/><\/a><\/td><td class=\"has-text-align-center\" data-align=\"center\"><strong>Boucherie Balkan Metzgerei GmbH<\/strong><\/td><td>Poststrasse 22<br>2504 Biel\/Bienne<br>032 341 71 65<\/td><\/tr><tr><td class=\"has-text-align-center\" data-align=\"center\"><a href=\"https:\/\/www.sn-bodenbeschichtung.ch\/\" target=\"_blank\" rel=\"noreferrer noopener\"><img loading=\"lazy\" decoding=\"async\" width=\"2560\" height=\"940\" class=\"wp-image-587\" style=\"width: 150px; vertical-align: middle;\" src=\"https:\/\/www.fcorvin.ch\/wp-content\/uploads\/2022\/03\/SN-Revetements-de-sol-new-logo-scaled.jpg\" alt=\"\" srcset=\"https:\/\/www.fcorvin.ch\/wp-content\/uploads\/2022\/03\/SN-Revetements-de-sol-new-logo-scaled.jpg 2560w, https:\/\/www.fcorvin.ch\/wp-content\/uploads\/2022\/03\/SN-Revetements-de-sol-new-logo-300x110.jpg 300w, https:\/\/www.fcorvin.ch\/wp-content\/uploads\/2022\/03\/SN-Revetements-de-sol-new-logo-1024x376.jpg 1024w, https:\/\/www.fcorvin.ch\/wp-content\/uploads\/2022\/03\/SN-Revetements-de-sol-new-logo-768x282.jpg 768w, https:\/\/www.fcorvin.ch\/wp-content\/uploads\/2022\/03\/SN-Revetements-de-sol-new-logo-1536x564.jpg 1536w, https:\/\/www.fcorvin.ch\/wp-content\/uploads\/2022\/03\/SN-Revetements-de-sol-new-logo-2048x752.jpg 2048w, https:\/\/www.fcorvin.ch\/wp-content\/uploads\/2022\/03\/SN-Revetements-de-sol-new-logo-128x47.jpg 128w, https:\/\/www.fcorvin.ch\/wp-content\/uploads\/2022\/03\/SN-Revetements-de-sol-new-logo-32x12.jpg 32w\" sizes=\"auto, (max-width: 2560px) 100vw, 2560px\" \/><\/a><\/td><td class=\"has-text-align-center\" data-align=\"center\"><strong>SN Rev\u00eatements de sols S\u00e0rl<\/strong><\/td><td>Champ la Clary 1<br>2710 Tavannes<br>032 481 15 15<br>078 865 21 79<\/td><\/tr><tr><td class=\"has-text-align-center\" data-align=\"center\"><a href=\"https:\/\/www.local.ch\/fr\/d\/biel-bienne\/2504\/entreprise-de-peinture\/giampani-sarl-eWKjRZiPYgp72m1HPYKK-w\" target=\"_blank\" rel=\"noreferrer noopener\"><img loading=\"lazy\" decoding=\"async\" width=\"1381\" height=\"434\" class=\"wp-image-588\" style=\"width: 180px; vertical-align: middle;\" src=\"https:\/\/www.fcorvin.ch\/wp-content\/uploads\/2022\/03\/Giampani-sarl.jpg\" alt=\"\" srcset=\"https:\/\/www.fcorvin.ch\/wp-content\/uploads\/2022\/03\/Giampani-sarl.jpg 1381w, https:\/\/www.fcorvin.ch\/wp-content\/uploads\/2022\/03\/Giampani-sarl-300x94.jpg 300w, https:\/\/www.fcorvin.ch\/wp-content\/uploads\/2022\/03\/Giampani-sarl-1024x322.jpg 1024w, https:\/\/www.fcorvin.ch\/wp-content\/uploads\/2022\/03\/Giampani-sarl-768x241.jpg 768w, https:\/\/www.fcorvin.ch\/wp-content\/uploads\/2022\/03\/Giampani-sarl-128x40.jpg 128w, https:\/\/www.fcorvin.ch\/wp-content\/uploads\/2022\/03\/Giampani-sarl-32x10.jpg 32w\" sizes=\"auto, (max-width: 1381px) 100vw, 1381px\" \/><\/a><\/td><td class=\"has-text-align-center\" data-align=\"center\"><strong>Entreprise de peinture Giampani S\u00e0rl<\/strong><\/td><td>Chemin Mettlen 9d<br>2504 Biel\/Bienne<br>032 342 46 91<br>079 467 88 35<\/td><\/tr><\/tbody><\/table><\/figure>\n<\/div><\/div>\n<\/div><\/div>\n<\/div>\n<\/div>\n<\/div>\n<\/div>\n<\/div><\/div>\n\n\n\n<p class=\"wp-block-paragraph\"><\/p>\n","protected":false},"excerpt":{"rendered":"<p>Sponsoring MV SportLive Parrains \u00ab\u00a0triples\u00a0\u00bb G16 S\u00e0rl L&rsquo;Echette 72534 Orvin 032 358 52 44 Carnal &amp; Fils SA Route de Diesse 212516 Lamboing 032 315 18 41 Bara Carrelage La Marchande 112534 Orvin 032 525 36 38076 432 01 01 RWB Berne SA Sous-Banbois 22515 Pr\u00eales 058 220 38 70 Miniprix Stations SA Mettlenweg 9b2404 [&hellip;]<\/p>\n","protected":false},"author":2,"featured_media":0,"parent":0,"menu_order":0,"comment_status":"closed","ping_status":"closed","template":"","meta":{"footnotes":""},"class_list":["post-169","page","type-page","status-publish","hentry"],"_links":{"self":[{"href":"https:\/\/www.fcorvin.ch\/index.php\/wp-json\/wp\/v2\/pages\/169","targetHints":{"allow":["GET"]}}],"collection":[{"href":"https:\/\/www.fcorvin.ch\/index.php\/wp-json\/wp\/v2\/pages"}],"about":[{"href":"https:\/\/www.fcorvin.ch\/index.php\/wp-json\/wp\/v2\/types\/page"}],"author":[{"embeddable":true,"href":"https:\/\/www.fcorvin.ch\/index.php\/wp-json\/wp\/v2\/users\/2"}],"replies":[{"embeddable":true,"href":"https:\/\/www.fcorvin.ch\/index.php\/wp-json\/wp\/v2\/comments?post=169"}],"version-history":[{"count":88,"href":"https:\/\/www.fcorvin.ch\/index.php\/wp-json\/wp\/v2\/pages\/169\/revisions"}],"predecessor-version":[{"id":616,"href":"https:\/\/www.fcorvin.ch\/index.php\/wp-json\/wp\/v2\/pages\/169\/revisions\/616"}],"wp:attachment":[{"href":"https:\/\/www.fcorvin.ch\/index.php\/wp-json\/wp\/v2\/media?parent=169"}],"curies":[{"name":"wp","href":"https:\/\/api.w.org\/{rel}","templated":true}]}}